{"id":1417,"date":"2022-08-24T14:12:15","date_gmt":"2022-08-24T12:12:15","guid":{"rendered":"http:\/\/s282700533.onlinehome.fr\/?page_id=1417"},"modified":"2025-04-30T16:29:48","modified_gmt":"2025-04-30T14:29:48","slug":"baptemes-mariages-funerailles","status":"publish","type":"page","link":"http:\/\/www.protestantsmulhouse.fr\/de\/baptemes-mariages-funerailles","title":{"rendered":"Zeremonien"},"content":{"rendered":"<div data-elementor-type=\"wp-page\" data-elementor-id=\"1417\" class=\"elementor elementor-1417\" data-elementor-post-type=\"page\">\n\t\t\t\t\t\t<section class=\"elementor-section elementor-top-section elementor-element elementor-element-71b226a elementor-section-boxed elementor-section-height-default elementor-section-height-default\" data-id=\"71b226a\" data-element_type=\"section\" data-e-type=\"section\">\n\t\t\t\t\t\t<div class=\"elementor-container elementor-column-gap-default\">\n\t\t\t\t\t<div class=\"elementor-column elementor-col-100 elementor-top-column elementor-element elementor-element-5fe43f2\" data-id=\"5fe43f2\" data-element_type=\"column\" data-e-type=\"column\">\n\t\t\t<div class=\"elementor-widget-wrap\">\n\t\t\t\t\t\t\t<\/div>\n\t\t<\/div>\n\t\t\t\t\t<\/div>\n\t\t<\/section>\n\t\t\t\t<section class=\"elementor-section elementor-top-section elementor-element elementor-element-51afe64 elementor-section-boxed elementor-section-height-default elementor-section-height-default\" data-id=\"51afe64\" data-element_type=\"section\" data-e-type=\"section\">\n\t\t\t\t\t\t<div class=\"elementor-container elementor-column-gap-default\">\n\t\t\t\t\t<div class=\"elementor-column elementor-col-100 elementor-top-column elementor-element elementor-element-b948260\" data-id=\"b948260\" data-element_type=\"column\" data-e-type=\"column\">\n\t\t\t<div class=\"elementor-widget-wrap elementor-element-populated\">\n\t\t\t\t\t\t<div class=\"elementor-element elementor-element-b1e6e0b elementor-widget elementor-widget-spacer\" data-id=\"b1e6e0b\" data-element_type=\"widget\" data-e-type=\"widget\" data-widget_type=\"spacer.default\">\n\t\t\t\t<div class=\"elementor-widget-container\">\n\t\t\t\t\t\t\t<div class=\"elementor-spacer\">\n\t\t\t<div class=\"elementor-spacer-inner\"><\/div>\n\t\t<\/div>\n\t\t\t\t\t\t<\/div>\n\t\t\t\t<\/div>\n\t\t\t\t\t<\/div>\n\t\t<\/div>\n\t\t\t\t\t<\/div>\n\t\t<\/section>\n\t\t\t\t<section class=\"elementor-section elementor-top-section elementor-element elementor-element-0402888 elementor-section-boxed elementor-section-height-default elementor-section-height-default\" data-id=\"0402888\" data-element_type=\"section\" data-e-type=\"section\">\n\t\t\t\t\t\t<div class=\"elementor-container elementor-column-gap-default\">\n\t\t\t\t\t<div class=\"elementor-column elementor-col-66 elementor-top-column elementor-element elementor-element-2c30bc9\" data-id=\"2c30bc9\" data-element_type=\"column\" data-e-type=\"column\">\n\t\t\t<div class=\"elementor-widget-wrap\">\n\t\t\t\t\t\t\t<\/div>\n\t\t<\/div>\n\t\t\t\t<div class=\"elementor-column elementor-col-33 elementor-top-column elementor-element elementor-element-a37b8cd\" data-id=\"a37b8cd\" data-element_type=\"column\" data-e-type=\"column\">\n\t\t\t<div class=\"elementor-widget-wrap\">\n\t\t\t\t\t\t\t<\/div>\n\t\t<\/div>\n\t\t\t\t\t<\/div>\n\t\t<\/section>\n\t\t\t\t<section class=\"elementor-section elementor-top-section elementor-element elementor-element-f58cfb1 elementor-section-full_width elementor-section-height-default elementor-section-height-default\" data-id=\"f58cfb1\" data-element_type=\"section\" data-e-type=\"section\">\n\t\t\t\t\t\t<div class=\"elementor-container elementor-column-gap-default\">\n\t\t\t\t\t<div class=\"elementor-column elementor-col-16 elementor-top-column elementor-element elementor-element-9c29638\" data-id=\"9c29638\" data-element_type=\"column\" data-e-type=\"column\" data-settings=\"{&quot;background_background&quot;:&quot;classic&quot;}\">\n\t\t\t<div class=\"elementor-widget-wrap elementor-element-populated\">\n\t\t\t\t\t\t<div class=\"elementor-element elementor-element-e2f6271 elementor-widget elementor-widget-spacer\" data-id=\"e2f6271\" data-element_type=\"widget\" data-e-type=\"widget\" data-widget_type=\"spacer.default\">\n\t\t\t\t<div class=\"elementor-widget-container\">\n\t\t\t\t\t\t\t<div class=\"elementor-spacer\">\n\t\t\t<div class=\"elementor-spacer-inner\"><\/div>\n\t\t<\/div>\n\t\t\t\t\t\t<\/div>\n\t\t\t\t<\/div>\n\t\t\t\t\t<\/div>\n\t\t<\/div>\n\t\t\t\t<div class=\"elementor-column elementor-col-66 elementor-top-column elementor-element elementor-element-8c4f8fe\" data-id=\"8c4f8fe\" data-element_type=\"column\" data-e-type=\"column\">\n\t\t\t<div class=\"elementor-widget-wrap elementor-element-populated\">\n\t\t\t\t\t\t<div class=\"elementor-element elementor-element-7345f23 elementor-widget elementor-widget-heading\" data-id=\"7345f23\" data-element_type=\"widget\" data-e-type=\"widget\" data-widget_type=\"heading.default\">\n\t\t\t\t<div class=\"elementor-widget-container\">\n\t\t\t\t\t<h2 class=\"elementor-heading-title elementor-size-default\">L'Eglise accompagne les temps forts de la vie<\/h2>\t\t\t\t<\/div>\n\t\t\t\t<\/div>\n\t\t\t\t<section class=\"elementor-section elementor-inner-section elementor-element elementor-element-393feb3 elementor-section-boxed elementor-section-height-default elementor-section-height-default\" data-id=\"393feb3\" data-element_type=\"section\" data-e-type=\"section\">\n\t\t\t\t\t\t<div class=\"elementor-container elementor-column-gap-default\">\n\t\t\t\t\t<div class=\"elementor-column elementor-col-100 elementor-inner-column elementor-element elementor-element-db05c37\" data-id=\"db05c37\" data-element_type=\"column\" data-e-type=\"column\">\n\t\t\t<div class=\"elementor-widget-wrap elementor-element-populated\">\n\t\t\t\t\t\t<div class=\"elementor-element elementor-element-32f6275 elementor-widget elementor-widget-text-editor\" data-id=\"32f6275\" data-element_type=\"widget\" data-e-type=\"widget\" data-widget_type=\"text-editor.default\">\n\t\t\t\t<div class=\"elementor-widget-container\">\n\t\t\t\t\t\t\t\t\t<p><strong>Le bapt\u00eame<\/strong><\/p><p><img fetchpriority=\"high\" decoding=\"async\" width=\"300\" height=\"186\" class=\"size-medium wp-image-1419 alignright\" src=\"https:\/\/www.protestantsmulhouse.fr\/wp-content\/uploads\/2022\/08\/Capture-de\u0301cran-2022-08-24-a\u0300-14.14.56-300x186.png\" alt=\"\" srcset=\"https:\/\/www.protestantsmulhouse.fr\/wp-content\/uploads\/2022\/08\/Capture-de\u0301cran-2022-08-24-a\u0300-14.14.56-300x186.png 300w, https:\/\/www.protestantsmulhouse.fr\/wp-content\/uploads\/2022\/08\/Capture-de\u0301cran-2022-08-24-a\u0300-14.14.56-600x373.png 600w, https:\/\/www.protestantsmulhouse.fr\/wp-content\/uploads\/2022\/08\/Capture-de\u0301cran-2022-08-24-a\u0300-14.14.56.png 671w\" sizes=\"(max-width: 300px) 100vw, 300px\" \/>Le bapte\u0302me est un temps pour dire merci pour cette vie donne\u0301e,\u00a0offerte. Un temps pour se re\u0301jouir ensemble.\u00a0Le bapte\u0302me, geste d\u2019amour donne\u0301 de la part de Dieu est le signe\u00a0de la gra\u0302ce offerte de manie\u0300re inconditionnelle. Il est toujours\u00a0ce\u0301le\u0301bre\u0301 au cours d\u2019un culte, pour manifester que l\u2019E\u0301glise entoure et accueille le\u00b7la baptise\u0301\u00b7e.<br \/>Dans la pratique protestante les bapt\u00eames sont c\u00e9l\u00e9br\u00e9s exclusivement durant les cultes du dimanche dans le cadre de la vie cultuelle de la communaut\u00e9 locale.<br \/>Pour pre\u0301voir et pre\u0301parer une ce\u0301le\u0301bration de bapte\u0302me, il est conseille\u0301 de prendre contact avec la paroisse au moins 3 mois a\u0300 l\u2019avance\u00a0pour que nous ayons le temps de nous rencontrer et de pr\u00e9parer l\u2019\u00e9v\u00e9nement. Habituellement la pr\u00e9paration se fait en deux rencontres dont une en pr\u00e9sence des parrains et\/ou marraines lorsque cela est possible.<br \/>Si vous habitez un autre lieu que le territoire de la paroisse mais que pour des raisons personnelles ou familiales vous souhaitiez le c\u00e9l\u00e9brer dans notre paroisse, il vous faudra demander l\u2019accord du pasteur de votre paroisse habituelle (o\u00f9 vous r\u00e9sidez).<\/p>\t\t\t\t\t\t\t\t<\/div>\n\t\t\t\t<\/div>\n\t\t\t\t<div class=\"elementor-element elementor-element-69ed369 elementor-widget-divider--view-line elementor-widget elementor-widget-divider\" data-id=\"69ed369\" data-element_type=\"widget\" data-e-type=\"widget\" data-widget_type=\"divider.default\">\n\t\t\t\t<div class=\"elementor-widget-container\">\n\t\t\t\t\t\t\t<div class=\"elementor-divider\">\n\t\t\t<span class=\"elementor-divider-separator\">\n\t\t\t\t\t\t<\/span>\n\t\t<\/div>\n\t\t\t\t\t\t<\/div>\n\t\t\t\t<\/div>\n\t\t\t\t<div class=\"elementor-element elementor-element-9383528 elementor-widget elementor-widget-text-editor\" data-id=\"9383528\" data-element_type=\"widget\" data-e-type=\"widget\" data-widget_type=\"text-editor.default\">\n\t\t\t\t<div class=\"elementor-widget-container\">\n\t\t\t\t\t\t\t\t\t<p><strong>La b\u00e9n\u00e9diction nuptiale<\/strong><\/p><p><img decoding=\"async\" width=\"300\" height=\"198\" class=\"alignleft size-medium wp-image-1420\" src=\"https:\/\/www.protestantsmulhouse.fr\/wp-content\/uploads\/2022\/08\/Capture-de\u0301cran-2022-08-24-a\u0300-14.12.22-300x198.png\" alt=\"\" srcset=\"https:\/\/www.protestantsmulhouse.fr\/wp-content\/uploads\/2022\/08\/Capture-de\u0301cran-2022-08-24-a\u0300-14.12.22-300x198.png 300w, https:\/\/www.protestantsmulhouse.fr\/wp-content\/uploads\/2022\/08\/Capture-de\u0301cran-2022-08-24-a\u0300-14.12.22-600x395.png 600w, https:\/\/www.protestantsmulhouse.fr\/wp-content\/uploads\/2022\/08\/Capture-de\u0301cran-2022-08-24-a\u0300-14.12.22.png 765w\" sizes=\"(max-width: 300px) 100vw, 300px\" \/>Pour les E\u0301glises protestantes, la ce\u0301re\u0301monie au temple consiste a\u0300 marquer la dimension spirituelle de l\u2019union et a\u0300 demander la be\u0301ne\u0301diction du couple au moment ou\u0300 il remet a\u0300 Dieu son projet de vie. Il ne s\u2019agit pas d\u2019un sacrement comme dans l\u2019E\u0301glise catholique. L\u2019union civile est le mariage reconnu par l\u2019Eglise comme pleinement valide. Pour la c\u00e9r\u00e9monie culturelle on parlera ainsi de be\u0301ne\u0301diction de mariage.<br \/>Se marier dans un temple, pour des futurs e\u0301poux, c\u2019est reconnai\u0302tre la pre\u0301sence de Dieu a\u0300 l\u2019\u0153uvre dans leur projet de couple, dans leur famille.<\/p><p>Les rencontres en vue de la be\u0301ne\u0301diction du mariage n\u2019ont pas pour seul et unique but l\u2019e\u0301laboration du de\u0301roulement de la ce\u0301le\u0301bration et la gestion des questions techniques et pratiques. C\u2019est avant tout, pour le couple, une chance de prendre du temps l\u2019un\u00b7e avec l\u2019autre pr\u00e9parer le moment privil\u00e9gi\u00e9 de la c\u00e9r\u00e9monie o\u00f9 les \u00e9poux pourront exprimer devant t\u00e9moins le sens de leur engagement, demander et recevoir la b\u00e9n\u00e9diction de Dieu sur leur union.<\/p><p>Pour se donner le temps de bien vivre cette pre\u0301paration il est conseille\u0301 de prendre contact avec la paroisse au moins 6 mois a\u0300 l\u2019avance.<\/p><p>Deux ou trois rencontres de pr\u00e9paration de la c\u00e9r\u00e9monie sont habituellement propos\u00e9es ainsi que la proposition de participation \u00e0 une journ\u00e9e de pr\u00e9paration au mariage (organis\u00e9e au niveau r\u00e9gional avec d\u2019autres couples).<\/p><p>Comme pour le bapt\u00eame si vous \u00eates n\u2019\u00eates pas membre inscrit de la paroisse, il vous faudra demander l\u2019accord du pasteur de votre paroisse habituelle.<\/p>\t\t\t\t\t\t\t\t<\/div>\n\t\t\t\t<\/div>\n\t\t\t\t<div class=\"elementor-element elementor-element-784aa9b elementor-widget-divider--view-line elementor-widget elementor-widget-divider\" data-id=\"784aa9b\" data-element_type=\"widget\" data-e-type=\"widget\" data-widget_type=\"divider.default\">\n\t\t\t\t<div class=\"elementor-widget-container\">\n\t\t\t\t\t\t\t<div class=\"elementor-divider\">\n\t\t\t<span class=\"elementor-divider-separator\">\n\t\t\t\t\t\t<\/span>\n\t\t<\/div>\n\t\t\t\t\t\t<\/div>\n\t\t\t\t<\/div>\n\t\t\t\t<div class=\"elementor-element elementor-element-45862c3 elementor-widget elementor-widget-text-editor\" data-id=\"45862c3\" data-element_type=\"widget\" data-e-type=\"widget\" data-widget_type=\"text-editor.default\">\n\t\t\t\t<div class=\"elementor-widget-container\">\n\t\t\t\t\t\t\t\t\t<p><strong>Les Fun\u00e9railles<\/strong><br \/><img decoding=\"async\" class=\"alignright wp-image-1421 size-medium\" src=\"https:\/\/www.protestantsmulhouse.fr\/wp-content\/uploads\/2022\/08\/Capture-de\u0301cran-2022-08-24-a\u0300-14.12.40-214x300.png\" alt=\"\" width=\"214\" height=\"300\" srcset=\"https:\/\/www.protestantsmulhouse.fr\/wp-content\/uploads\/2022\/08\/Capture-de\u0301cran-2022-08-24-a\u0300-14.12.40-214x300.png 214w, https:\/\/www.protestantsmulhouse.fr\/wp-content\/uploads\/2022\/08\/Capture-de\u0301cran-2022-08-24-a\u0300-14.12.40.png 599w\" sizes=\"(max-width: 214px) 100vw, 214px\" \/>L\u2019\u00c9glise protestante partage les joies et les peines de nos existences. A l\u2019occasion d\u2019un d\u00e9c\u00e8s elle est particuli\u00e8rement soucieuse d\u2019\u00eatre pr\u00e9sente pour annoncer la consolation et le message de r\u00e9surrection. La c\u00e9l\u00e9bration religieuse participe au travail de deuil et peut aider \u00e0 poursuivre \u00e0 vivre malgr\u00e9 la douleur de la s\u00e9paration.<\/p><p>\u00a0Le temps de culte est l\u2019occasion d\u2019exprimer votre reconnaissance pour la vie du\u00b7de la de\u0301funt\u00b7e et d\u2019accueillir une parole de r\u00e9confort et esp\u00e9rance de la part de Dieu.<\/p><p>\u00a0Ce culte d\u2019action de gr\u00e2ces invite a\u0300 vivre un temps :<\/p><p>\u25ca De m\u00e9moire de la vie du\u00b7de la de\u0301funt\u00b7e<\/p><p>\u25ca De prie\u0300res<\/p><p>\u25ca De musique et\/ou de chants<\/p><p>\u25ca D\u2019e\u0301coute de la Parole de Dieu, parole de vie et d\u2019espe\u0301rance, et de me\u0301ditation<\/p><p>\u25ca De silence et de recueillement<\/p><p>\u25ca De solidarite\u0301 tangible avec l\u2019E\u0301glise par l\u2019offrande<\/p><p>Pour l\u2019organisation pratique d\u2019une c\u00e9r\u00e9monie celle-ci suit habituellement les \u00e9tapes suivantes :<\/p><p>&#8211; Prenez contact avec une entreprise de Pompes fune\u0300bres qui vous mettra en relation avec la paroisse.<\/p><p>&#8211; prise de contact avec le pasteur qui pourra vous accompagner dans ce moment difficile. Vous fixerez avec lui la date de la c\u00e9r\u00e9monie en concertation avec les pompes fun\u00e8bres et un rendez-vous pour sa pr\u00e9paration (si vous ne parvenez pas \u00e0 le joindre imm\u00e9diatement ne vous inqui\u00e9tez pas, au-del\u00e0 de 24 h d\u2019absence un remplacement est pr\u00e9vu.<\/p><p>&#8211; pr\u00e9paration de la c\u00e9r\u00e9monie avec la famille. Ce sera le moment de r\u00e9diger ensemble un r\u00e9cit de vie du d\u00e9funt, de choisir les chants et les textes de la c\u00e9r\u00e9monie et de construire ensemble son d\u00e9roulement.<\/p>\t\t\t\t\t\t\t\t<\/div>\n\t\t\t\t<\/div>\n\t\t\t\t<div class=\"elementor-element elementor-element-fba9c3a elementor-widget-divider--view-line elementor-widget elementor-widget-divider\" data-id=\"fba9c3a\" data-element_type=\"widget\" data-e-type=\"widget\" data-widget_type=\"divider.default\">\n\t\t\t\t<div class=\"elementor-widget-container\">\n\t\t\t\t\t\t\t<div class=\"elementor-divider\">\n\t\t\t<span class=\"elementor-divider-separator\">\n\t\t\t\t\t\t<\/span>\n\t\t<\/div>\n\t\t\t\t\t\t<\/div>\n\t\t\t\t<\/div>\n\t\t\t\t<div class=\"elementor-element elementor-element-f68a3e2 elementor-widget elementor-widget-text-editor\" data-id=\"f68a3e2\" data-element_type=\"widget\" data-e-type=\"widget\" data-widget_type=\"text-editor.default\">\n\t\t\t\t<div class=\"elementor-widget-container\">\n\t\t\t\t\t\t\t\t\t<p><strong>C\u00e9l\u00e9brer un anniversaire de mariage (noces d\u2019argent, d\u2019or\u2026)<\/strong><\/p><p><img loading=\"lazy\" decoding=\"async\" width=\"269\" height=\"180\" class=\"alignleft size-full wp-image-1507\" src=\"https:\/\/www.protestantsmulhouse.fr\/wp-content\/uploads\/2022\/08\/crbst_import32.jpeg\" alt=\"\" \/>Les c\u00e9r\u00e9monies organis\u00e9es \u00e0 l\u2019occasion d\u2019anniversaires de mariage sont toujours des moments particuli\u00e8rement \u00e9mouvants. Elles sont aussi l\u2019occasion de t\u00e9moigner d\u2019un amour qui a su durer, de s\u2019en r\u00e9jouir et de rendre gr\u00e2ce pour cela. Elles sont habituellement c\u00e9l\u00e9br\u00e9es au cours du culte dominical de la paroisse.<\/p>\t\t\t\t\t\t\t\t<\/div>\n\t\t\t\t<\/div>\n\t\t\t\t<div class=\"elementor-element elementor-element-ab90003 elementor-widget-divider--view-line elementor-widget elementor-widget-divider\" data-id=\"ab90003\" data-element_type=\"widget\" data-e-type=\"widget\" data-widget_type=\"divider.default\">\n\t\t\t\t<div class=\"elementor-widget-container\">\n\t\t\t\t\t\t\t<div class=\"elementor-divider\">\n\t\t\t<span class=\"elementor-divider-separator\">\n\t\t\t\t\t\t<\/span>\n\t\t<\/div>\n\t\t\t\t\t\t<\/div>\n\t\t\t\t<\/div>\n\t\t\t\t<div class=\"elementor-element elementor-element-6fafb49 elementor-widget elementor-widget-text-editor\" data-id=\"6fafb49\" data-element_type=\"widget\" data-e-type=\"widget\" data-widget_type=\"text-editor.default\">\n\t\t\t\t<div class=\"elementor-widget-container\">\n\t\t\t\t\t\t\t\t\t<p><strong>C\u00e9l\u00e9brer une Sainte-C\u00e8ne \u00e0 domicile<\/strong><\/p><p><img loading=\"lazy\" decoding=\"async\" width=\"300\" height=\"168\" class=\"alignright size-medium wp-image-1508\" src=\"https:\/\/www.protestantsmulhouse.fr\/wp-content\/uploads\/2022\/08\/santa-cena-holy-supper-300x168.jpeg\" alt=\"\" srcset=\"https:\/\/www.protestantsmulhouse.fr\/wp-content\/uploads\/2022\/08\/santa-cena-holy-supper-300x168.jpeg 300w, https:\/\/www.protestantsmulhouse.fr\/wp-content\/uploads\/2022\/08\/santa-cena-holy-supper-1024x574.jpeg 1024w, https:\/\/www.protestantsmulhouse.fr\/wp-content\/uploads\/2022\/08\/santa-cena-holy-supper-768x431.jpeg 768w, https:\/\/www.protestantsmulhouse.fr\/wp-content\/uploads\/2022\/08\/santa-cena-holy-supper-1536x862.jpeg 1536w, https:\/\/www.protestantsmulhouse.fr\/wp-content\/uploads\/2022\/08\/santa-cena-holy-supper-958x537.jpeg 958w, https:\/\/www.protestantsmulhouse.fr\/wp-content\/uploads\/2022\/08\/santa-cena-holy-supper-600x337.jpeg 600w, https:\/\/www.protestantsmulhouse.fr\/wp-content\/uploads\/2022\/08\/santa-cena-holy-supper.jpeg 1920w\" sizes=\"(max-width: 300px) 100vw, 300px\" \/>La Sainte-C\u00e8ne est habituellement c\u00e9l\u00e9br\u00e9e lors du culte par la communaut\u00e9 r\u00e9unie et il n&#8217;est pas dans la conception protestante de c\u00e9l\u00e9brer de Sainte-C\u00e8ne priv\u00e9e. Mais l\u2019\u00c9glise est soucieuse de tous ses membres et en particulier des plus petits et des plus faibles. Aussi sur simple demande le pasteur se fera une joie de venir c\u00e9l\u00e9brer la Sainte-C\u00e8ne au domicile des personnes \u00e2g\u00e9es et malades qui ne pourraient plus se d\u00e9placer au culte.<\/p>\t\t\t\t\t\t\t\t<\/div>\n\t\t\t\t<\/div>\n\t\t\t\t\t<\/div>\n\t\t<\/div>\n\t\t\t\t\t<\/div>\n\t\t<\/section>\n\t\t\t\t<div class=\"elementor-element elementor-element-6ec2cf8 elementor-align-center elementor-widget elementor-widget-button\" data-id=\"6ec2cf8\" data-element_type=\"widget\" data-e-type=\"widget\" data-widget_type=\"button.default\">\n\t\t\t\t<div class=\"elementor-widget-container\">\n\t\t\t\t\t\t\t\t\t<div class=\"elementor-button-wrapper\">\n\t\t\t\t\t<a class=\"elementor-button elementor-button-link elementor-size-sm\" href=\"\/de\/contact\/\">\n\t\t\t\t\t\t<span class=\"elementor-button-content-wrapper\">\n\t\t\t\t\t\t\t\t\t<span class=\"elementor-button-text\">Kontaktieren Sie uns<\/span>\n\t\t\t\t\t<\/span>\n\t\t\t\t\t<\/a>\n\t\t\t\t<\/div>\n\t\t\t\t\t\t\t\t<\/div>\n\t\t\t\t<\/div>\n\t\t\t\t\t<\/div>\n\t\t<\/div>\n\t\t\t\t<div class=\"elementor-column elementor-col-16 elementor-top-column elementor-element elementor-element-afcc62a\" data-id=\"afcc62a\" data-element_type=\"column\" data-e-type=\"column\" data-settings=\"{&quot;background_background&quot;:&quot;classic&quot;}\">\n\t\t\t<div class=\"elementor-widget-wrap elementor-element-populated\">\n\t\t\t\t\t\t<div class=\"elementor-element elementor-element-e50f364 elementor-widget elementor-widget-spacer\" data-id=\"e50f364\" data-element_type=\"widget\" data-e-type=\"widget\" data-widget_type=\"spacer.default\">\n\t\t\t\t<div class=\"elementor-widget-container\">\n\t\t\t\t\t\t\t<div class=\"elementor-spacer\">\n\t\t\t<div class=\"elementor-spacer-inner\"><\/div>\n\t\t<\/div>\n\t\t\t\t\t\t<\/div>\n\t\t\t\t<\/div>\n\t\t\t\t\t<\/div>\n\t\t<\/div>\n\t\t\t\t\t<\/div>\n\t\t<\/section>\n\t\t\t\t<\/div>","protected":false},"excerpt":{"rendered":"<p>L&#8217;Eglise accompagne les temps forts de la vie Le bapt\u00eame Le bapte\u0302me est un temps pour dire merci pour cette vie donne\u0301e,\u00a0offerte. Un temps pour se re\u0301jouir ensemble.\u00a0Le bapte\u0302me, geste d\u2019amour donne\u0301 de la part de Dieu est le signe\u00a0de la gra\u0302ce offerte de manie\u0300re inconditionnelle. Il est toujours\u00a0ce\u0301le\u0301bre\u0301 au cours d\u2019un culte, pour manifester [&hellip;]<\/p>\n","protected":false},"author":1,"featured_media":1419,"parent":0,"menu_order":0,"comment_status":"closed","ping_status":"closed","template":"","meta":{"footnotes":""},"class_list":["post-1417","page","type-page","status-publish","has-post-thumbnail","hentry"],"meta_box":{"imic_strict_no_header":"0","imic_page_topbar_show":"","imic_page_specific_header":"","imic_page_logo_image":[],"imic_page_retina_logo_image":[],"imic_page_retina_logo_image_width":"","imic_page_retina_logo_image_height":"","imic_page_layout":"","imic_content_width":"","imic_content_padding_top":"","imic_content_padding_bottom":"","imic_pages_body_bg_color":"","imic_pages_body_bg_image":[],"imic_pages_body_bg_wide":"0","imic_pages_body_bg_repeat":"repeat","imic_pages_content_bg_color":"","imic_pages_content_bg_image":[],"imic_pages_content_bg_wide":"0","imic_pages_content_bg_repeat":"repeat","imic_page_header_show":"1","imic_pages_Choose_slider_display":"0","imic_header_image":[],"imic_pages_select_revolution_from_list":"","imic_pages_select_smart_from_list":"1","imic_pages_slider_height":"","imic_pages_slider_image":[],"imic_pages_slider_auto_slide":"yes","imic_pages_slider_speed":"","imic_pages_slider_pagination":"yes","imic_pages_slider_direction_arrows":"yes","imic_pages_slider_effects":"fade","imic_pages_banner_color":"","imic_pages_breadcrumb_show":"1","imic_pages_title_show":"1","imic_pages_banner_bg_color":"","imic_post_page_custom_title":"","imic_pages_banner_text_color":"","imic_pages_title_alignment":"","imic_page_social_share":"1","imic_select_sidebar_from_list":"","imic_select_sidebar_position":"","imic_contact_email":"jeanmat.thallinger@gmail.com","imic_contact_subject":"","imic_our_location_text":"","imic_contact_map_display":"no","imic_contact_map_box_code":"","imic_Choose_slider_display":"0","imic_select_smart_from_list":"1","imic_select_revolution_from_list":"","imic_slider_image":[],"imic_slider_auto_slide":"yes","imic_slider_speed":"","imic_slider_pagination":"yes","imic_slider_direction_arrows":"yes","imic_slider_effects":"fade","imic_switch_categories_post":"1","imic_category_to_show_on_home":["71"],"imic_number_of_post_cat":[],"imic_upcoming_area":"1","imic_latest_sermon_events_to_show_on":"letest_event","imic_custom_text_message":"","imic_advanced_event_taxonomy":[],"imic_going_on_events":"1","imic_custom_going_on_events_title":"","imic_advanced_sermons_category":[],"imic_all_event_sermon_url":"","imic_imic_featured_blocks":"1","imic_home_featured_blocks":"","imic_home_row_featured_blocks":[],"imic_home_featured_blocks1":"","imic_home_featured_blocks2":"","imic_home_featured_blocks3":"","imic_imic_upcoming_events":"1","imic_upcoming_event_taxonomy":[],"imic_custom_upcoming_events_title":"","imic_events_to_show_on":"","imic_imic_recent_posts":"1","imic_recent_post_taxonomy":[],"imic_custom_latest_news_title":"","imic_posts_to_show_on":"","imic_recent_posts_rmbutton":"2","imic_recent_posts_rmbutton_text":"","imic_imic_galleries":"1","imic_home_gallery_taxonomy":[],"imic_custom_gallery_title":"","imic_custom_more_galleries_title":"","imic_custom_more_galleries_url":"","imic_galleries_to_show_on":"","imic_galleries_background_image":[],"imic_switch_sermon_album":"1","imic_custom_albums_title":"","imic_number_of_sermon_albums":"","imic_sermon_albums_url":"","imic_gallery_pagination_to_show_on":"","imic_gallery_pagination_columns_layout":"","imic_show_gallery_title":"0","imic_gallery_masonry_to_show_on":"","imic_show_gallery_title_masonry":"0","imic_gallery_filter_columns_layout":"3","imic_show_gallery_title_filter":"0","imic_advanced_gallery_taxonomy":[],"imic_advanced_event_list_taxonomy":[],"imic_advanced_post_taxonomy":[],"imic_advanced_blog_taxonomy":[],"imic_staff_to_show_on":"","imic_staff_grid_column":"4","imic_advanced_staff_taxonomy":[],"imic_staff_select_orderby":"ID","imic_staff_select_order":"ASC","imic_staff_excerpt_length":"","imic_events_timeline_view":"future","imic_event_timeline_per_page":"","imic_blog_masonry_thumbnails":"0","imic_albums_select_orderby":"count","imic_albums_select_order":"ASC","imic_sermon_categories_custom_order":[]},"_links":{"self":[{"href":"http:\/\/www.protestantsmulhouse.fr\/de\/wp-json\/wp\/v2\/pages\/1417","targetHints":{"allow":["GET"]}}],"collection":[{"href":"http:\/\/www.protestantsmulhouse.fr\/de\/wp-json\/wp\/v2\/pages"}],"about":[{"href":"http:\/\/www.protestantsmulhouse.fr\/de\/wp-json\/wp\/v2\/types\/page"}],"author":[{"embeddable":true,"href":"http:\/\/www.protestantsmulhouse.fr\/de\/wp-json\/wp\/v2\/users\/1"}],"replies":[{"embeddable":true,"href":"http:\/\/www.protestantsmulhouse.fr\/de\/wp-json\/wp\/v2\/comments?post=1417"}],"version-history":[{"count":5,"href":"http:\/\/www.protestantsmulhouse.fr\/de\/wp-json\/wp\/v2\/pages\/1417\/revisions"}],"predecessor-version":[{"id":8973,"href":"http:\/\/www.protestantsmulhouse.fr\/de\/wp-json\/wp\/v2\/pages\/1417\/revisions\/8973"}],"wp:featuredmedia":[{"embeddable":true,"href":"http:\/\/www.protestantsmulhouse.fr\/de\/wp-json\/wp\/v2\/media\/1419"}],"wp:attachment":[{"href":"http:\/\/www.protestantsmulhouse.fr\/de\/wp-json\/wp\/v2\/media?parent=1417"}],"curies":[{"name":"wp","href":"https:\/\/api.w.org\/{rel}","templated":true}]}}