{"id":5644,"date":"2025-09-24T15:49:14","date_gmt":"2025-09-24T13:49:14","guid":{"rendered":"https:\/\/www.protestantsmulhouse.fr\/?page_id=5644"},"modified":"2025-09-25T15:55:51","modified_gmt":"2025-09-25T13:55:51","slug":"groupe-biblique-oecumenique","status":"publish","type":"page","link":"http:\/\/www.protestantsmulhouse.fr\/de\/groupe-biblique-oecumenique","title":{"rendered":"\u00d6kumenische Bibelgruppe\u00a0"},"content":{"rendered":"<div data-elementor-type=\"wp-page\" data-elementor-id=\"5644\" class=\"elementor elementor-5644\" data-elementor-post-type=\"page\">\n\t\t\t\t\t\t<section class=\"elementor-section elementor-top-section elementor-element elementor-element-4e513a7 elementor-section-full_width elementor-section-height-default elementor-section-height-default\" data-id=\"4e513a7\" data-element_type=\"section\" data-e-type=\"section\">\n\t\t\t\t\t\t<div class=\"elementor-container elementor-column-gap-default\">\n\t\t\t\t\t<div class=\"elementor-column elementor-col-16 elementor-top-column elementor-element elementor-element-efb306e\" data-id=\"efb306e\" data-element_type=\"column\" data-e-type=\"column\" data-settings=\"{&quot;background_background&quot;:&quot;classic&quot;}\">\n\t\t\t<div class=\"elementor-widget-wrap elementor-element-populated\">\n\t\t\t\t\t\t<div class=\"elementor-element elementor-element-2a8c265 elementor-widget elementor-widget-spacer\" data-id=\"2a8c265\" data-element_type=\"widget\" data-e-type=\"widget\" data-widget_type=\"spacer.default\">\n\t\t\t\t<div class=\"elementor-widget-container\">\n\t\t\t\t\t\t\t<div class=\"elementor-spacer\">\n\t\t\t<div class=\"elementor-spacer-inner\"><\/div>\n\t\t<\/div>\n\t\t\t\t\t\t<\/div>\n\t\t\t\t<\/div>\n\t\t\t\t\t<\/div>\n\t\t<\/div>\n\t\t\t\t<div class=\"elementor-column elementor-col-66 elementor-top-column elementor-element elementor-element-6281d07\" data-id=\"6281d07\" data-element_type=\"column\" data-e-type=\"column\">\n\t\t\t<div class=\"elementor-widget-wrap elementor-element-populated\">\n\t\t\t\t\t\t<div class=\"elementor-element elementor-element-18f201c elementor-widget elementor-widget-text-editor\" data-id=\"18f201c\" data-element_type=\"widget\" data-e-type=\"widget\" data-widget_type=\"text-editor.default\">\n\t\t\t\t<div class=\"elementor-widget-container\">\n\t\t\t\t\t\t\t\t\t<p style=\"margin: 12pt 0cm 0cm; font-size: 11pt; font-family: Calibri, sans-serif; color: #000000; text-align: center;\" align=\"center\"><span style=\"font-size: 26pt;\">Groupe biblique \u0153cum\u00e9nique 2025-2026<\/span><\/p>\n<p style=\"margin: 0cm; font-size: 11pt; font-family: Calibri, sans-serif; color: #000000; text-align: center;\" align=\"center\"><span style=\"font-size: 14pt;\">Quartiers Nord-Est de Mulhouse<\/span><\/p>\n<p style=\"margin: 6pt 0cm 0cm; font-size: 11pt; font-family: Calibri, sans-serif; color: #000000; text-align: center;\" align=\"center\"><span style=\"font-size: 32pt; color: #0070c0;\">LES D\u00c9BUTS DE L\u2019\u00c9GLISE <br>\u00c0 J\u00c9RUSALEM<\/span><\/p>\n<div style=\"color: #000000; font-size: medium; border-style: none solid; border-left-color: windowtext; border-right-color: windowtext; padding: 0cm 4pt; border-width: initial 1pt initial 1pt;\">\n<p style=\"margin: 6pt 0cm 0cm; font-size: 11pt; font-family: Calibri, sans-serif; text-align: center; border-width: initial; border-style: none; padding: 0cm;\" align=\"center\"><span style=\"font-size: 16pt;\">Une fois par mois, un extrait des <u>Actes des Ap\u00f4tres<\/u> est comment\u00e9 <br>par un catholique, un protestant ou un \u00e9vang\u00e9lique. <br>Les lieux varient pour d\u00e9couvrir les diff\u00e9rentes \u00e9glises du quartier.&nbsp;<br><\/span><span style=\"font-size: 16pt;\">La parole circule, les avis se croisent.<\/span><\/p>\n<p style=\"margin: 0cm; font-size: 11pt; font-family: Calibri, sans-serif; text-align: center; border-width: initial; border-style: none; padding: 0cm;\" align=\"center\"><span style=\"font-size: 16pt;\">On se conna\u00eet mieux, la foi grandit. Bienvenue&nbsp;!<\/span><\/p>\n<\/div>\n<p style=\"margin: 18pt 0cm 0cm; font-size: 11pt; font-family: Calibri, sans-serif; color: #000000; text-align: center;\" align=\"center\"><b><span style=\"font-size: 16pt;\">Chaque dernier VENDREDI du mois, de 19h30 \u00e0 21h00&nbsp;!<\/span><\/b><\/p>\n<p style=\"margin: 9pt 0cm 0cm; font-family: Calibri, sans-serif; color: rgb(0, 0, 0); text-align: justify;\"><span style=\"font-size: 14pt;\"><b>26 septembre<\/b>&nbsp;&nbsp;&nbsp; <\/span><b style=\"font-size: 14pt;\"><span style=\"color: #0070c0;\">Le tournant de l\u2019Ascension<\/span><\/b><span style=\"font-size: 14pt;\">&nbsp;<\/span><span style=\"font-size: 18.6667px;\"><br>&nbsp; &nbsp; &nbsp; &nbsp; &nbsp; &nbsp; &nbsp; &nbsp; &nbsp; &nbsp; &nbsp; &nbsp; &nbsp; &nbsp; <\/span><span style=\"font-size: 12pt; font-style: italic;\">Actes des Ap\u00f4tres 01.01-11<\/span><\/p>\n<p style=\"margin: 0cm; font-size: 11pt; font-family: Calibri, sans-serif; color: #000000; text-align: justify;\"><span style=\"font-size: 13pt;\">&nbsp;&nbsp;&nbsp;&nbsp;&nbsp;&nbsp;&nbsp;&nbsp;&nbsp;&nbsp;&nbsp;&nbsp;&nbsp;&nbsp;&nbsp;&nbsp;&nbsp;&nbsp;&nbsp;&nbsp;&nbsp;&nbsp;&nbsp;&nbsp;&nbsp;&nbsp;&nbsp;&nbsp;&nbsp;&nbsp; Congr\u00e9gation de l\u2019Arm\u00e9e du Salut&nbsp;: 10 rue du Ch\u00eane<\/span><\/p>\n<p style=\"margin: 9pt 0cm 0.0001pt 92.15pt; font-size: 11pt; font-family: Calibri, sans-serif; color: #000000; text-align: justify; text-indent: -92.15pt;\"><span style=\"font-size: 14pt;\"><b>31 octobre<\/b>&nbsp;&nbsp;&nbsp;&nbsp;&nbsp;&nbsp;&nbsp;&nbsp;&nbsp; <b><span style=\"color: #0070c0;\">Le miracle de la Pentec\u00f4te<\/span> <br><\/b><\/span><i><span style=\"font-size: 12pt;\">&nbsp; &nbsp; &nbsp; Actes des Ap\u00f4tres 02.01-13<\/span><\/i><\/p>\n<p style=\"margin: 0cm 0cm 0.0001pt 92.15pt; font-size: 11pt; font-family: Calibri, sans-serif; color: #000000; text-align: justify; text-indent: -92.15pt;\"><span style=\"font-size: 13pt;\">&nbsp;&nbsp;&nbsp;&nbsp;&nbsp;&nbsp;&nbsp;&nbsp;&nbsp;&nbsp;&nbsp;&nbsp;&nbsp;&nbsp;&nbsp;&nbsp;&nbsp;&nbsp;&nbsp;&nbsp;&nbsp;&nbsp;&nbsp;&nbsp;&nbsp;&nbsp;&nbsp;&nbsp;&nbsp;&nbsp; Paroisse catholique Sainte-Genevi\u00e8ve (presbyt\u00e8re)&nbsp;: 20 rue de Stalingrad<\/span><i><\/i><\/p>\n<p style=\"margin: 9pt 0cm 0cm; font-size: 11pt; font-family: Calibri, sans-serif; color: #000000; text-align: justify;\"><span style=\"font-size: 14pt;\"><b>28 novembre&nbsp;<\/b>&nbsp;&nbsp;&nbsp;&nbsp; <b><span style=\"color: #0070c0;\">La premi\u00e8re communaut\u00e9<\/span> <br><\/b><\/span><i><span style=\"font-size: 12pt;\">&nbsp; &nbsp; &nbsp; &nbsp; &nbsp; &nbsp; &nbsp; &nbsp; &nbsp; &nbsp; &nbsp; &nbsp; &nbsp; &nbsp; &nbsp; &nbsp; &nbsp; Actes des Ap\u00f4tres 02.41-47<\/span><\/i><\/p>\n<p style=\"margin: 0cm; font-size: 11pt; font-family: Calibri, sans-serif; color: #000000; text-align: justify;\"><span style=\"font-size: 13pt;\">&nbsp;&nbsp;&nbsp;&nbsp;&nbsp;&nbsp;&nbsp;&nbsp;&nbsp;&nbsp;&nbsp;&nbsp;&nbsp;&nbsp;&nbsp;&nbsp;&nbsp;&nbsp;&nbsp;&nbsp;&nbsp;&nbsp;&nbsp;&nbsp;&nbsp;&nbsp;&nbsp;&nbsp;&nbsp;&nbsp; Temple protestant Saint-Martin&nbsp;: 13 rue du Saule<\/span><\/p>\n<p style=\"margin: 9pt 0cm 0cm; font-size: 11pt; font-family: Calibri, sans-serif; color: #000000; text-align: justify;\"><span style=\"font-size: 14pt;\"><b>30 janvier&nbsp;&nbsp;<\/b>&nbsp;&nbsp;&nbsp;&nbsp;&nbsp;&nbsp;&nbsp;&nbsp;&nbsp; <b><span style=\"color: #0070c0;\">Le d\u00e9clenchement de l\u2019opposition<\/span> <br><\/b><\/span><i><span style=\"font-size: 12pt;\">&nbsp; &nbsp; &nbsp; &nbsp; &nbsp; &nbsp; &nbsp; &nbsp; &nbsp; &nbsp; &nbsp; &nbsp; &nbsp; &nbsp; &nbsp; &nbsp; &nbsp; Actes des Ap\u00f4tres 03.01-26<\/span><\/i><\/p>\n<p style=\"margin: 0cm; font-size: 11pt; font-family: Calibri, sans-serif; color: #000000; text-align: justify;\"><span style=\"font-size: 13pt;\">&nbsp;&nbsp;&nbsp;&nbsp;&nbsp;&nbsp;&nbsp;&nbsp;&nbsp;&nbsp;&nbsp;&nbsp;&nbsp;&nbsp;&nbsp;&nbsp;&nbsp;&nbsp;&nbsp;&nbsp;&nbsp;&nbsp;&nbsp;&nbsp;&nbsp;&nbsp;&nbsp;&nbsp;&nbsp;&nbsp; \u00c9glise m\u00e9thodiste Tabor&nbsp;: 34 rue des Vergers<\/span><\/p>\n<p style=\"margin: 9pt 0cm 0cm; font-size: 11pt; font-family: Calibri, sans-serif; color: #000000; text-align: justify;\"><span style=\"font-size: 14pt;\"><b>27 f\u00e9vrier<\/b>&nbsp;&nbsp;&nbsp;&nbsp;&nbsp;&nbsp;&nbsp;&nbsp;&nbsp;&nbsp;&nbsp;&nbsp; <b><span style=\"color: #0070c0;\">Les premi\u00e8res attaques de l\u2019ext\u00e9rieur<\/span><\/b> <br><\/span><i><span style=\"font-size: 12pt;\">&nbsp; &nbsp; &nbsp; &nbsp; &nbsp; &nbsp; &nbsp; &nbsp; &nbsp; &nbsp; &nbsp; &nbsp; &nbsp; &nbsp; &nbsp; &nbsp; &nbsp; Actes des Ap\u00f4tres 04.01-22<\/span><\/i><span style=\"font-size: 14pt;\">&nbsp;&nbsp;&nbsp;<i><\/i><\/span><\/p>\n<p style=\"margin: 0cm; font-size: 11pt; font-family: Calibri, sans-serif; color: #000000; text-align: justify;\"><span style=\"font-size: 13pt;\">&nbsp;&nbsp;&nbsp;&nbsp;&nbsp;&nbsp;&nbsp;&nbsp;&nbsp;&nbsp;&nbsp;&nbsp;&nbsp;&nbsp;&nbsp;&nbsp;&nbsp;&nbsp;&nbsp;&nbsp;&nbsp;&nbsp;&nbsp;&nbsp;&nbsp;&nbsp;&nbsp;&nbsp;&nbsp;&nbsp; \u00c9glise de La Pierre Pr\u00e9cieuse&nbsp;: 15 rue de Landser<\/span><\/p>\n<p style=\"margin: 9pt 0cm 0cm; font-size: 11pt; font-family: Calibri, sans-serif; color: #000000; text-align: justify;\"><span style=\"font-size: 14pt;\"><b>27 mars&nbsp;&nbsp;&nbsp;&nbsp;&nbsp;<\/b>&nbsp;&nbsp;&nbsp;&nbsp;&nbsp;&nbsp;&nbsp;&nbsp;&nbsp;&nbsp; <b><span style=\"color: #0070c0;\">Les chr\u00e9tiens r\u00e9agissent \u00e0 l\u2019opposition<\/span><\/b>&nbsp; <br><\/span><i><span style=\"font-size: 12pt;\">&nbsp; &nbsp; &nbsp; &nbsp; &nbsp; &nbsp; &nbsp; &nbsp; &nbsp; &nbsp; &nbsp; &nbsp; &nbsp; &nbsp; &nbsp; &nbsp; &nbsp; Actes des Ap\u00f4tres 04.23-37<\/span><\/i><i><\/i><\/p>\n<p style=\"margin: 0cm; font-size: 11pt; font-family: Calibri, sans-serif; color: #000000; text-align: justify;\"><span style=\"font-size: 13pt;\">&nbsp;&nbsp;&nbsp;&nbsp;&nbsp;&nbsp;&nbsp;&nbsp;&nbsp;&nbsp;&nbsp;&nbsp;&nbsp;&nbsp;&nbsp;&nbsp;&nbsp;&nbsp;&nbsp;&nbsp;&nbsp;&nbsp;&nbsp;&nbsp;&nbsp;&nbsp;&nbsp;&nbsp;&nbsp;&nbsp; Temple protestant Saint-Martin&nbsp;: 13 rue du Saule<\/span><\/p>\n<p style=\"margin: 9pt 0cm 0cm; font-size: 11pt; font-family: Calibri, sans-serif; color: #000000; text-align: justify;\"><span style=\"font-size: 14pt;\"><b>24 avril&nbsp;&nbsp;&nbsp;&nbsp;<\/b>&nbsp;&nbsp;&nbsp;&nbsp;&nbsp;&nbsp;&nbsp;&nbsp;&nbsp;&nbsp;&nbsp;&nbsp; <b><span style=\"color: #0070c0;\">Une attaque de l\u2019int\u00e9rieur<br><\/span><\/b><\/span><i><span style=\"font-size: 12pt;\">&nbsp; &nbsp; &nbsp; &nbsp; &nbsp; &nbsp; &nbsp; &nbsp; &nbsp; &nbsp; &nbsp; &nbsp; &nbsp; &nbsp; &nbsp; &nbsp; &nbsp; Actes des Ap\u00f4tres 05.01-16<\/span><\/i><i><\/i><\/p>\n<p style=\"margin: 0cm; font-size: 11pt; font-family: Calibri, sans-serif; color: #000000; text-align: justify;\"><span style=\"font-size: 13pt;\">&nbsp;&nbsp;&nbsp;&nbsp;&nbsp;&nbsp;&nbsp;&nbsp;&nbsp;&nbsp;&nbsp;&nbsp;&nbsp;&nbsp;&nbsp;&nbsp;&nbsp;&nbsp;&nbsp;&nbsp;&nbsp;&nbsp;&nbsp;&nbsp;&nbsp;&nbsp;&nbsp;&nbsp;&nbsp;&nbsp; Paroisse catholique Sainte-Genevi\u00e8ve (presbyt\u00e8re)&nbsp;: 20 rue de Stalingrad<\/span><\/p>\n<p style=\"margin: 9pt 0cm 0cm; font-size: 11pt; font-family: Calibri, sans-serif; color: #000000; text-align: justify;\"><span style=\"font-size: 14pt;\"><b>29 mai&nbsp;&nbsp;&nbsp;&nbsp;<\/b>&nbsp;&nbsp;&nbsp;&nbsp;&nbsp;&nbsp;&nbsp;&nbsp;&nbsp;&nbsp;&nbsp;&nbsp;&nbsp; <b><span style=\"color: #0070c0;\">L\u2019opposition ext\u00e9rieure s\u2019intensifie<br><\/span><\/b>&nbsp; &nbsp; &nbsp; &nbsp; &nbsp; &nbsp; &nbsp; &nbsp; &nbsp; &nbsp; &nbsp; &nbsp; &nbsp; &nbsp; &nbsp;<\/span><i><span style=\"font-size: 12pt;\">Actes des Ap\u00f4tres 05.17-42<\/span><\/i><\/p>\n<p style=\"margin: 0cm; font-size: 11pt; font-family: Calibri, sans-serif; color: #000000; text-align: justify;\"><span style=\"font-size: 13pt;\">&nbsp;&nbsp;&nbsp;&nbsp;&nbsp;&nbsp;&nbsp;&nbsp;&nbsp;&nbsp;&nbsp;&nbsp;&nbsp;&nbsp;&nbsp;&nbsp;&nbsp;&nbsp;&nbsp;&nbsp;&nbsp;&nbsp;&nbsp;&nbsp;&nbsp;&nbsp;&nbsp;&nbsp;&nbsp;&nbsp; Congr\u00e9gation de l\u2019Arm\u00e9e du Salut&nbsp;: 10 rue du Ch\u00eane<\/span><\/p>\n<p style=\"margin: 9pt 0cm 0cm; font-size: 11pt; font-family: Calibri, sans-serif; color: #000000; text-align: justify;\"><span style=\"font-size: 14pt;\"><b>26 juin&nbsp;&nbsp;<\/b>&nbsp;&nbsp;&nbsp;&nbsp;&nbsp;&nbsp;&nbsp;&nbsp;&nbsp;&nbsp;&nbsp;&nbsp;&nbsp;&nbsp;&nbsp; <b><span style=\"color: #0070c0;\">Le premier martyr<\/span> <br><\/b><\/span><i><span style=\"font-size: 12pt;\">&nbsp; &nbsp; &nbsp; &nbsp; &nbsp; &nbsp; &nbsp; &nbsp; &nbsp; &nbsp; &nbsp; &nbsp; &nbsp; &nbsp; &nbsp; &nbsp; &nbsp; Actes des Ap\u00f4tres 06.08-15 + 07.54-08.03<\/span><\/i><span style=\"font-size: 14pt;\">&nbsp;&nbsp;&nbsp;&nbsp;&nbsp;&nbsp;&nbsp;&nbsp;&nbsp;&nbsp;&nbsp;&nbsp;&nbsp;&nbsp;&nbsp;&nbsp;<i><\/i><\/span><\/p>\n<p style=\"margin: 0cm; font-size: 11pt; font-family: Calibri, sans-serif; color: #000000; text-align: justify;\"><span style=\"font-size: 13pt;\">&nbsp;&nbsp;&nbsp;&nbsp;&nbsp;&nbsp;&nbsp;&nbsp;&nbsp;&nbsp;&nbsp;&nbsp;&nbsp;&nbsp;&nbsp;&nbsp;&nbsp;&nbsp;&nbsp;&nbsp;&nbsp;&nbsp;&nbsp;&nbsp;&nbsp;&nbsp;&nbsp;&nbsp;&nbsp;&nbsp; \u00c9glise baptiste de La Bonne Nouvelle&nbsp;: 9 rue des Charpentiers<\/span><\/p>\t\t\t\t\t\t\t\t<\/div>\n\t\t\t\t<\/div>\n\t\t\t\t<div class=\"elementor-element elementor-element-e5f456d elementor-widget elementor-widget-image\" data-id=\"e5f456d\" data-element_type=\"widget\" data-e-type=\"widget\" data-widget_type=\"image.default\">\n\t\t\t\t<div class=\"elementor-widget-container\">\n\t\t\t\t\t\t\t\t\t\t\t\t\t\t\t<img fetchpriority=\"high\" decoding=\"async\" width=\"807\" height=\"210\" src=\"https:\/\/www.protestantsmulhouse.fr\/wp-content\/uploads\/2025\/09\/GBO.png\" class=\"attachment-2048x2048 size-2048x2048 wp-image-5532\" alt=\"\" srcset=\"https:\/\/www.protestantsmulhouse.fr\/wp-content\/uploads\/2025\/09\/GBO.png 807w, https:\/\/www.protestantsmulhouse.fr\/wp-content\/uploads\/2025\/09\/GBO-300x78.png 300w, https:\/\/www.protestantsmulhouse.fr\/wp-content\/uploads\/2025\/09\/GBO-768x200.png 768w, https:\/\/www.protestantsmulhouse.fr\/wp-content\/uploads\/2025\/09\/GBO-18x5.png 18w\" sizes=\"(max-width: 807px) 100vw, 807px\" \/>\t\t\t\t\t\t\t\t\t\t\t\t\t\t\t<\/div>\n\t\t\t\t<\/div>\n\t\t\t\t<div class=\"elementor-element elementor-element-e823bca elementor-widget-divider--view-line elementor-widget elementor-widget-divider\" data-id=\"e823bca\" data-element_type=\"widget\" data-e-type=\"widget\" data-widget_type=\"divider.default\">\n\t\t\t\t<div class=\"elementor-widget-container\">\n\t\t\t\t\t\t\t<div class=\"elementor-divider\">\n\t\t\t<span class=\"elementor-divider-separator\">\n\t\t\t\t\t\t<\/span>\n\t\t<\/div>\n\t\t\t\t\t\t<\/div>\n\t\t\t\t<\/div>\n\t\t\t\t<div class=\"elementor-element elementor-element-d24c39a elementor-align-center elementor-widget elementor-widget-button\" data-id=\"d24c39a\" data-element_type=\"widget\" data-e-type=\"widget\" data-widget_type=\"button.default\">\n\t\t\t\t<div class=\"elementor-widget-container\">\n\t\t\t\t\t\t\t\t\t<div class=\"elementor-button-wrapper\">\n\t\t\t\t\t<a class=\"elementor-button elementor-button-link elementor-size-sm\" href=\"\/de\/contact\/\">\n\t\t\t\t\t\t<span class=\"elementor-button-content-wrapper\">\n\t\t\t\t\t\t\t\t\t<span class=\"elementor-button-text\">Kontaktieren Sie uns<\/span>\n\t\t\t\t\t<\/span>\n\t\t\t\t\t<\/a>\n\t\t\t\t<\/div>\n\t\t\t\t\t\t\t\t<\/div>\n\t\t\t\t<\/div>\n\t\t\t\t\t<\/div>\n\t\t<\/div>\n\t\t\t\t<div class=\"elementor-column elementor-col-16 elementor-top-column elementor-element elementor-element-aecc880\" data-id=\"aecc880\" data-element_type=\"column\" data-e-type=\"column\" data-settings=\"{&quot;background_background&quot;:&quot;classic&quot;}\">\n\t\t\t<div class=\"elementor-widget-wrap elementor-element-populated\">\n\t\t\t\t\t\t<div class=\"elementor-element elementor-element-5827762 elementor-widget elementor-widget-spacer\" data-id=\"5827762\" data-element_type=\"widget\" data-e-type=\"widget\" data-widget_type=\"spacer.default\">\n\t\t\t\t<div class=\"elementor-widget-container\">\n\t\t\t\t\t\t\t<div class=\"elementor-spacer\">\n\t\t\t<div class=\"elementor-spacer-inner\"><\/div>\n\t\t<\/div>\n\t\t\t\t\t\t<\/div>\n\t\t\t\t<\/div>\n\t\t\t\t\t<\/div>\n\t\t<\/div>\n\t\t\t\t\t<\/div>\n\t\t<\/section>\n\t\t\t\t<\/div>","protected":false},"excerpt":{"rendered":"<p>Groupe biblique \u0153cum\u00e9nique 2025-2026 Quartiers Nord-Est de Mulhouse LES D\u00c9BUTS DE L\u2019\u00c9GLISE \u00c0 J\u00c9RUSALEM Une fois par mois, un extrait des Actes des Ap\u00f4tres est comment\u00e9 par un catholique, un protestant ou un \u00e9vang\u00e9lique. Les lieux varient pour d\u00e9couvrir les diff\u00e9rentes \u00e9glises du quartier.&nbsp;La parole circule, les avis se croisent. On se conna\u00eet mieux, la [&hellip;]<\/p>\n","protected":false},"author":2,"featured_media":2009,"parent":0,"menu_order":0,"comment_status":"closed","ping_status":"closed","template":"","meta":{"footnotes":""},"class_list":["post-5644","page","type-page","status-publish","has-post-thumbnail","hentry"],"meta_box":{"imic_strict_no_header":"0","imic_page_topbar_show":"","imic_page_specific_header":"","imic_page_logo_image":[],"imic_page_retina_logo_image":[],"imic_page_retina_logo_image_width":"","imic_page_retina_logo_image_height":"","imic_page_layout":"","imic_content_width":"","imic_content_padding_top":"","imic_content_padding_bottom":"","imic_pages_body_bg_color":"","imic_pages_body_bg_image":[],"imic_pages_body_bg_wide":"0","imic_pages_body_bg_repeat":"repeat","imic_pages_content_bg_color":"","imic_pages_content_bg_image":[],"imic_pages_content_bg_wide":"0","imic_pages_content_bg_repeat":"repeat","imic_page_header_show":"1","imic_pages_Choose_slider_display":"0","imic_header_image":[],"imic_pages_select_revolution_from_list":"","imic_pages_select_smart_from_list":"1","imic_pages_slider_height":"","imic_pages_slider_image":[],"imic_pages_slider_auto_slide":"yes","imic_pages_slider_speed":"","imic_pages_slider_pagination":"yes","imic_pages_slider_direction_arrows":"yes","imic_pages_slider_effects":"fade","imic_pages_banner_color":"","imic_pages_breadcrumb_show":"1","imic_pages_title_show":"1","imic_pages_banner_bg_color":"","imic_post_page_custom_title":"","imic_pages_banner_text_color":"","imic_pages_title_alignment":"","imic_page_social_share":"0","imic_select_sidebar_from_list":"","imic_select_sidebar_position":"","imic_contact_email":"jeanmat.thallinger@gmail.com","imic_contact_subject":"","imic_our_location_text":"","imic_contact_map_display":"no","imic_contact_map_box_code":"","imic_Choose_slider_display":"0","imic_select_smart_from_list":"1","imic_select_revolution_from_list":"","imic_slider_image":[],"imic_slider_auto_slide":"yes","imic_slider_speed":"","imic_slider_pagination":"yes","imic_slider_direction_arrows":"yes","imic_slider_effects":"fade","imic_switch_categories_post":"1","imic_category_to_show_on_home":["71"],"imic_number_of_post_cat":[],"imic_upcoming_area":"1","imic_latest_sermon_events_to_show_on":"letest_event","imic_custom_text_message":"","imic_advanced_event_taxonomy":[],"imic_going_on_events":"1","imic_custom_going_on_events_title":"","imic_advanced_sermons_category":[],"imic_all_event_sermon_url":"","imic_imic_featured_blocks":"1","imic_home_featured_blocks":"","imic_home_row_featured_blocks":[],"imic_home_featured_blocks1":"","imic_home_featured_blocks2":"","imic_home_featured_blocks3":"","imic_imic_upcoming_events":"1","imic_upcoming_event_taxonomy":[],"imic_custom_upcoming_events_title":"","imic_events_to_show_on":"","imic_imic_recent_posts":"1","imic_recent_post_taxonomy":[],"imic_custom_latest_news_title":"","imic_posts_to_show_on":"","imic_recent_posts_rmbutton":"2","imic_recent_posts_rmbutton_text":"","imic_imic_galleries":"1","imic_home_gallery_taxonomy":[],"imic_custom_gallery_title":"","imic_custom_more_galleries_title":"","imic_custom_more_galleries_url":"","imic_galleries_to_show_on":"","imic_galleries_background_image":[],"imic_switch_sermon_album":"1","imic_custom_albums_title":"","imic_number_of_sermon_albums":"","imic_sermon_albums_url":"","imic_gallery_pagination_to_show_on":"","imic_gallery_pagination_columns_layout":"","imic_show_gallery_title":"0","imic_gallery_masonry_to_show_on":"","imic_show_gallery_title_masonry":"0","imic_gallery_filter_columns_layout":"3","imic_show_gallery_title_filter":"0","imic_advanced_gallery_taxonomy":[],"imic_advanced_event_list_taxonomy":[],"imic_advanced_post_taxonomy":[],"imic_advanced_blog_taxonomy":[],"imic_staff_to_show_on":"","imic_staff_grid_column":"4","imic_advanced_staff_taxonomy":[],"imic_staff_select_orderby":"ID","imic_staff_select_order":"ASC","imic_staff_excerpt_length":"","imic_events_timeline_view":"future","imic_event_timeline_per_page":"","imic_blog_masonry_thumbnails":"0","imic_albums_select_orderby":"count","imic_albums_select_order":"ASC","imic_sermon_categories_custom_order":[]},"_links":{"self":[{"href":"http:\/\/www.protestantsmulhouse.fr\/de\/wp-json\/wp\/v2\/pages\/5644","targetHints":{"allow":["GET"]}}],"collection":[{"href":"http:\/\/www.protestantsmulhouse.fr\/de\/wp-json\/wp\/v2\/pages"}],"about":[{"href":"http:\/\/www.protestantsmulhouse.fr\/de\/wp-json\/wp\/v2\/types\/page"}],"author":[{"embeddable":true,"href":"http:\/\/www.protestantsmulhouse.fr\/de\/wp-json\/wp\/v2\/users\/2"}],"replies":[{"embeddable":true,"href":"http:\/\/www.protestantsmulhouse.fr\/de\/wp-json\/wp\/v2\/comments?post=5644"}],"version-history":[{"count":16,"href":"http:\/\/www.protestantsmulhouse.fr\/de\/wp-json\/wp\/v2\/pages\/5644\/revisions"}],"predecessor-version":[{"id":5666,"href":"http:\/\/www.protestantsmulhouse.fr\/de\/wp-json\/wp\/v2\/pages\/5644\/revisions\/5666"}],"wp:featuredmedia":[{"embeddable":true,"href":"http:\/\/www.protestantsmulhouse.fr\/de\/wp-json\/wp\/v2\/media\/2009"}],"wp:attachment":[{"href":"http:\/\/www.protestantsmulhouse.fr\/de\/wp-json\/wp\/v2\/media?parent=5644"}],"curies":[{"name":"wp","href":"https:\/\/api.w.org\/{rel}","templated":true}]}}