{"id":1626,"date":"2022-09-15T17:55:35","date_gmt":"2022-09-15T15:55:35","guid":{"rendered":"https:\/\/www.protestantsmulhouse.fr\/?page_id=1626"},"modified":"2022-10-03T22:41:43","modified_gmt":"2022-10-03T20:41:43","slug":"aumonerie-des-hopitaux","status":"publish","type":"page","link":"https:\/\/www.protestantsmulhouse.fr\/de\/aumonerie-des-hopitaux","title":{"rendered":"Aum\u00f4nerie des h\u00f4pitaux"},"content":{"rendered":"<div data-elementor-type=\"wp-page\" data-elementor-id=\"1626\" class=\"elementor elementor-1626\" data-elementor-post-type=\"page\">\n\t\t\t\t\t\t<section class=\"elementor-section elementor-top-section elementor-element elementor-element-71b226a elementor-section-boxed elementor-section-height-default elementor-section-height-default\" data-id=\"71b226a\" data-element_type=\"section\" data-e-type=\"section\">\n\t\t\t\t\t\t<div class=\"elementor-container elementor-column-gap-default\">\n\t\t\t\t\t<div class=\"elementor-column elementor-col-100 elementor-top-column elementor-element elementor-element-5fe43f2\" data-id=\"5fe43f2\" data-element_type=\"column\" data-e-type=\"column\">\n\t\t\t<div class=\"elementor-widget-wrap elementor-element-populated\">\n\t\t\t\t\t\t\t<\/div>\n\t\t<\/div>\n\t\t\t\t\t<\/div>\n\t\t<\/section>\n\t\t\t\t<section class=\"elementor-section elementor-top-section elementor-element elementor-element-51afe64 elementor-section-boxed elementor-section-height-default elementor-section-height-default\" data-id=\"51afe64\" data-element_type=\"section\" data-e-type=\"section\">\n\t\t\t\t\t\t<div class=\"elementor-container elementor-column-gap-default\">\n\t\t\t\t\t<div class=\"elementor-column elementor-col-100 elementor-top-column elementor-element elementor-element-b948260\" data-id=\"b948260\" data-element_type=\"column\" data-e-type=\"column\">\n\t\t\t<div class=\"elementor-widget-wrap elementor-element-populated\">\n\t\t\t\t\t\t<div class=\"elementor-element elementor-element-b1e6e0b elementor-widget elementor-widget-spacer\" data-id=\"b1e6e0b\" data-element_type=\"widget\" data-e-type=\"widget\" data-widget_type=\"spacer.default\">\n\t\t\t\t<div class=\"elementor-widget-container\">\n\t\t\t\t\t\t\t<div class=\"elementor-spacer\">\n\t\t\t<div class=\"elementor-spacer-inner\"><\/div>\n\t\t<\/div>\n\t\t\t\t\t\t<\/div>\n\t\t\t\t<\/div>\n\t\t\t\t\t<\/div>\n\t\t<\/div>\n\t\t\t\t\t<\/div>\n\t\t<\/section>\n\t\t\t\t<section class=\"elementor-section elementor-top-section elementor-element elementor-element-0402888 elementor-section-boxed elementor-section-height-default elementor-section-height-default\" data-id=\"0402888\" data-element_type=\"section\" data-e-type=\"section\">\n\t\t\t\t\t\t<div class=\"elementor-container elementor-column-gap-default\">\n\t\t\t\t\t<div class=\"elementor-column elementor-col-66 elementor-top-column elementor-element elementor-element-2c30bc9\" data-id=\"2c30bc9\" data-element_type=\"column\" data-e-type=\"column\">\n\t\t\t<div class=\"elementor-widget-wrap elementor-element-populated\">\n\t\t\t\t\t\t<div class=\"elementor-element elementor-element-8b0d26a elementor-widget elementor-widget-text-editor\" data-id=\"8b0d26a\" data-element_type=\"widget\" data-e-type=\"widget\" data-widget_type=\"text-editor.default\">\n\t\t\t\t<div class=\"elementor-widget-container\">\n\t\t\t\t\t\t\t\t\t<p style=\"margin: 0cm; font-size: 12pt; font-family: Calibri, sans-serif; font-style: normal; font-variant-ligatures: normal; font-variant-caps: normal; font-weight: 400; line-height: 18pt; background-image: initial; background-position: initial; background-size: initial; background-repeat: initial; background-attachment: initial; background-origin: initial; background-clip: initial;\"><span style=\"color: #0070c0; font-family: 'Book Antiqua', serif; font-size: 12pt; letter-spacing: 0px;\">L\u2019hospitalisation ou l\u2019entr\u00e9e en EHPAD\u00a0 peuvent \u00eatre v\u00e9cues comme une rupture dans le d\u00e9roulement de l\u2019existence, une \u00e9preuve, un temps qui peut s\u2019accompagner de fragilit\u00e9 et de souffrance, de questionnements, et m\u00eame d\u2019isolement.<\/span><\/p><p style=\"margin: 0cm 0cm 10pt; font-size: 11pt; font-family: Calibri, sans-serif; line-height: 16.8667px; color: #000000; font-style: normal; font-variant-ligatures: normal; font-variant-caps: normal; font-weight: 400;\"><span style=\"font-size: 12pt; line-height: 18.4px; font-family: 'Book Antiqua', serif;\">Le service d\u2019aum\u00f4nerie\u00a0 <span style=\"color: #0070c0;\">propose<\/span> <span style=\"color: #0070c0;\">une pr\u00e9sence<\/span>, un accompagnement moral et spirituel, dans le respect de la singularit\u00e9 de chacun.<\/span><\/p><p style=\"margin-right: 0cm; margin-left: 0cm; font-size: 12pt; font-family: 'Times New Roman', serif; color: #000000; font-style: normal; font-variant-ligatures: normal; font-variant-caps: normal; font-weight: 400; line-height: 21pt; background-image: initial; background-position: initial; background-size: initial; background-repeat: initial; background-attachment: initial; background-origin: initial; background-clip: initial;\"><span style=\"font-family: 'Book Antiqua', serif; color: #4d4d4d;\">Exempte de tout pros\u00e9lytisme, cet accompagnement <\/span><span style=\"font-family: 'Book Antiqua', serif; color: #0070c0;\">repose <\/span><span style=\"font-family: 'Book Antiqua', serif; color: #4d4d4d;\">principalement <\/span><span style=\"font-family: 'Book Antiqua', serif; color: #0070c0;\">sur<\/span><span style=\"font-family: 'Book Antiqua', serif; color: #4d4d4d;\"> une \u00e9coute active,\u00a0une attention aux pr\u00e9occupations des personnes hospitalis\u00e9es, mais aussi \u00e0 leurs familles et si besoin au personnel.<\/span><\/p><p style=\"margin-right: 0cm; margin-left: 0cm; font-size: 12pt; font-family: 'Times New Roman', serif; color: #000000; font-style: normal; font-variant-ligatures: normal; font-variant-caps: normal; font-weight: 400; line-height: 21pt; background-image: initial; background-position: initial; background-size: initial; background-repeat: initial; background-attachment: initial; background-origin: initial; background-clip: initial;\"><span style=\"font-family: 'Book Antiqua', serif; color: #4d4d4d; background-image: initial; background-position: initial; background-size: initial; background-repeat: initial; background-attachment: initial; background-origin: initial; background-clip: initial;\">C\u2019est une rencontre d\u2019abord humaine, une disponibilit\u00e9, <\/span><span style=\"font-family: 'Book Antiqua', serif; color: #0070c0; background-image: initial; background-position: initial; background-size: initial; background-repeat: initial; background-attachment: initial; background-origin: initial; background-clip: initial;\">un cheminement\u00a0avec et<\/span><span style=\"font-family: 'Book Antiqua', serif; color: #4d4d4d; background-image: initial; background-position: initial; background-size: initial; background-repeat: initial; background-attachment: initial; background-origin: initial; background-clip: initial;\"> au rythme de l\u2019autre.<\/span><\/p><p style=\"margin-right: 0cm; margin-left: 0cm; font-size: 12pt; font-family: 'Times New Roman', serif; color: #000000; font-style: normal; font-variant-ligatures: normal; font-variant-caps: normal; font-weight: 400; line-height: 21pt; background-image: initial; background-position: initial; background-size: initial; background-repeat: initial; background-attachment: initial; background-origin: initial; background-clip: initial;\"><span style=\"font-family: 'Book Antiqua', serif; color: #4d4d4d; background-image: initial; background-position: initial; background-size: initial; background-repeat: initial; background-attachment: initial; background-origin: initial; background-clip: initial;\">Le service d\u2019aum\u00f4nerie r\u00e9pond \u00e9galement \u00e0 toutes les demandes d\u2019ordre religieu<\/span><span style=\"font-family: 'Book Antiqua', serif; color: #0070c0; background-image: initial; background-position: initial; background-size: initial; background-repeat: initial; background-attachment: initial; background-origin: initial; background-clip: initial;\">x<\/span><span style=\"font-family: 'Book Antiqua', serif; color: #4d4d4d; background-image: initial; background-position: initial; background-size: initial; background-repeat: initial; background-attachment: initial; background-origin: initial; background-clip: initial;\"> (rituels, <\/span><span style=\"font-family: 'Book Antiqua', serif; color: #0070c0; background-image: initial; background-position: initial; background-size: initial; background-repeat: initial; background-attachment: initial; background-origin: initial; background-clip: initial;\">pri\u00e8res<\/span><span style=\"font-family: 'Book Antiqua', serif; color: #4d4d4d; background-image: initial; background-position: initial; background-size: initial; background-repeat: initial; background-attachment: initial; background-origin: initial; background-clip: initial;\">, sacrements, temps spirituel) selon l\u2019ancrage confessionnel de chacun\u00a0.<\/span><i><\/i><\/p><p style=\"margin: 0cm 0cm 10pt; font-size: 11pt; font-family: Calibri, sans-serif; line-height: 16.8667px; color: #000000; font-style: normal; font-variant-ligatures: normal; font-variant-caps: normal; font-weight: 400;\"><span style=\"font-size: 12pt; line-height: 18.4px; font-family: 'Book Antiqua', serif;\">\u00a0<\/span><\/p><p style=\"margin: 0cm 0cm 10pt; font-size: 11pt; font-family: Calibri, sans-serif; line-height: 16.8667px; color: #000000; font-style: normal; font-variant-ligatures: normal; font-variant-caps: normal; font-weight: 400;\"><span style=\"font-size: 12pt; line-height: 18.4px; font-family: 'Book Antiqua', serif;\">A Mulhouse, <span style=\"color: #4f81bd;\">coexistent<\/span> deux p\u00f4les<span style=\"color: #4f81bd;\">)<\/span> pour l&#8217;aum\u00f4nerie protestante\u00a0:<\/span><\/p><p style=\"margin: 0cm 0cm 10pt; font-size: 11pt; font-family: Calibri, sans-serif; line-height: 16.8667px; color: #000000; font-style: normal; font-variant-ligatures: normal; font-variant-caps: normal; font-weight: 400;\"><span style=\"font-size: 12pt; line-height: 18.4px; font-family: 'Book Antiqua', serif;\">Le p\u00f4le de sant\u00e9 priv\u00e9 Mulhousien (Cliniques du Diaconat et SSR Sentheim) avec une pr\u00e9sence \u0153cum\u00e9nique sur SENTHEIM\u00a0 et le GHMSA (Groupe hospitalier de la r\u00e9gion de Mulhouse et sud Alsace), avec une pr\u00e9sence d&#8217;aum\u00f4nerie interreligieuse sur Emile Muller.<\/span><\/p><p style=\"margin: 0cm 0cm 10pt; font-size: 11pt; font-family: Calibri, sans-serif; line-height: 16.8667px; color: #000000; font-style: normal; font-variant-ligatures: normal; font-variant-caps: normal; font-weight: 400;\"><span style=\"font-size: 12pt; line-height: 18.4px; font-family: 'Book Antiqua', serif;\">\u00a0<\/span><\/p><p style=\"margin: 0cm 0cm 10pt; font-size: 11pt; font-family: Calibri, sans-serif; line-height: 16.8667px; color: #000000; font-style: normal; font-variant-ligatures: normal; font-variant-caps: normal; font-weight: 400;\"><span style=\"font-size: 12pt; line-height: 18.4px; font-family: 'Book Antiqua', serif;\">Actuellement nous, <s>les<\/s> aum\u00f4niers r\u00e9f\u00e9rents, sommes \u00e0 la recherche de personnes d\u00e9sirant s&#8217;engager comme auxiliaires d&#8217;aum\u00f4nerie pour consolider nos \u00e9quipes.\u00a0<\/span><\/p><p style=\"margin: 0cm 0cm 10pt; font-size: 11pt; font-family: Calibri, sans-serif; line-height: 16.8667px; color: #000000; font-style: normal; font-variant-ligatures: normal; font-variant-caps: normal; font-weight: 400;\"><span style=\"font-size: 12pt; line-height: 18.4px; font-family: 'Book Antiqua', serif;\">\u00a0<\/span><\/p><p style=\"margin: 0cm 0cm 10pt; font-size: 11pt; font-family: Calibri, sans-serif; line-height: 16.8667px; color: #000000; font-style: normal; font-variant-ligatures: normal; font-variant-caps: normal; font-weight: 400;\"><b><span style=\"font-size: 12pt; line-height: 18.4px; font-family: 'Book Antiqua', serif;\">Contacts\u00a0des aum\u00f4niers r\u00e9f\u00e9rents\u00a0:<\/span><\/b><\/p><p style=\"margin: 0cm 0cm 10pt; font-size: 11pt; font-family: Calibri, sans-serif; line-height: 16.8667px; color: #000000; font-style: normal; font-variant-ligatures: normal; font-variant-caps: normal; font-weight: 400;\"><span style=\"font-size: 12pt; line-height: 18.4px; font-family: 'Book Antiqua', serif;\">Emile Muller ( GHRMSA)\u00a0: Pasteur Nicole Girard :<\/span><\/p><p style=\"margin: 0cm 0cm 10pt; font-size: 11pt; font-family: Calibri, sans-serif; line-height: 16.8667px; color: #000000; font-style: normal; font-variant-ligatures: normal; font-variant-caps: normal; font-weight: 400;\"><span style=\"font-size: 12pt; line-height: 18.4px; font-family: 'Book Antiqua', serif;\">Maison de la Fondation du Diaconat Cliniques et CSSR\u00a0: Pasteur Emmanuelle di frenna<\/span><\/p><p style=\"margin: 0cm 0cm 10pt; font-style: normal; font-variant-ligatures: normal; font-variant-caps: normal; font-weight: 400; line-height: 16.8667px; font-family: Calibri, sans-serif; font-size: 11pt; color: #000000;\"><span style=\"line-height: 18.4px; font-family: 'Book Antiqua', serif; font-size: 12pt;\">et\u00a0<\/span><\/p><p style=\"margin: 0cm 0cm 10pt; font-style: normal; font-variant-ligatures: normal; font-variant-caps: normal; font-weight: 400; line-height: 16.8667px; font-family: Calibri, sans-serif; font-size: 11pt; color: #000000;\"><span style=\"line-height: 18.4px; font-family: 'Book Antiqua', serif; font-size: 12pt;\">Pauline Chantal Ngono, aum\u00f4nier stagiaire aupr\u00e8s de Nicole Girard<\/span><\/p><p style=\"margin: 0cm 0cm 10pt; font-style: normal; font-variant-ligatures: normal; font-variant-caps: normal; font-weight: 400; line-height: 16.8667px; font-family: Calibri, sans-serif; font-size: 11pt; color: #000000;\"><span style=\"line-height: 18.4px; font-family: 'Book Antiqua', serif; font-size: 12pt;\">Pr\u00e9sente sur\u00a0l&#8217;<\/span><span style=\"line-height: 18.4px; font-family: 'Book Antiqua', serif; font-size: 12pt;\">h\u00f4pital de Pfastatt, le Centre m\u00e9dical Lalance, l&#8217;h\u00f4pital de Guebwiller : 07 52 11 89 79<\/span><span style=\"font-size: 14px; color: var( --e-global-color-text ); letter-spacing: 0px;\">\u00a0<\/span><\/p><div title=\"Page 10\"><div><div>\u00a0<\/div><\/div><\/div>\t\t\t\t\t\t\t\t<\/div>\n\t\t\t\t<\/div>\n\t\t\t\t\t<\/div>\n\t\t<\/div>\n\t\t\t\t<div class=\"elementor-column elementor-col-33 elementor-top-column elementor-element elementor-element-a37b8cd\" data-id=\"a37b8cd\" data-element_type=\"column\" data-e-type=\"column\">\n\t\t\t<div class=\"elementor-widget-wrap elementor-element-populated\">\n\t\t\t\t\t\t<div class=\"elementor-element elementor-element-00b2627 elementor-widget elementor-widget-image\" data-id=\"00b2627\" data-element_type=\"widget\" data-e-type=\"widget\" data-widget_type=\"image.default\">\n\t\t\t\t<div class=\"elementor-widget-container\">\n\t\t\t\t\t\t\t\t\t\t\t\t\t\t\t<img fetchpriority=\"high\" decoding=\"async\" width=\"599\" height=\"840\" src=\"https:\/\/www.protestantsmulhouse.fr\/wp-content\/uploads\/2022\/08\/Capture-de\u0301cran-2022-08-24-a\u0300-14.12.40.png\" class=\"attachment-large size-large wp-image-1421\" alt=\"\" srcset=\"https:\/\/www.protestantsmulhouse.fr\/wp-content\/uploads\/2022\/08\/Capture-de\u0301cran-2022-08-24-a\u0300-14.12.40.png 599w, https:\/\/www.protestantsmulhouse.fr\/wp-content\/uploads\/2022\/08\/Capture-de\u0301cran-2022-08-24-a\u0300-14.12.40-214x300.png 214w\" sizes=\"(max-width: 599px) 100vw, 599px\" \/>\t\t\t\t\t\t\t\t\t\t\t\t\t\t\t<\/div>\n\t\t\t\t<\/div>\n\t\t\t\t\t<\/div>\n\t\t<\/div>\n\t\t\t\t\t<\/div>\n\t\t<\/section>\n\t\t\t\t<section class=\"elementor-section elementor-top-section elementor-element elementor-element-bbc49da elementor-section-boxed elementor-section-height-default elementor-section-height-default\" data-id=\"bbc49da\" data-element_type=\"section\" data-e-type=\"section\">\n\t\t\t\t\t\t<div class=\"elementor-container elementor-column-gap-default\">\n\t\t\t\t\t<div class=\"elementor-column elementor-col-100 elementor-top-column elementor-element elementor-element-532324b\" data-id=\"532324b\" data-element_type=\"column\" data-e-type=\"column\">\n\t\t\t<div class=\"elementor-widget-wrap elementor-element-populated\">\n\t\t\t\t\t\t<div class=\"elementor-element elementor-element-5ea11d1 elementor-widget-divider--view-line elementor-widget elementor-widget-divider\" data-id=\"5ea11d1\" data-element_type=\"widget\" data-e-type=\"widget\" data-widget_type=\"divider.default\">\n\t\t\t\t<div class=\"elementor-widget-container\">\n\t\t\t\t\t\t\t<div class=\"elementor-divider\">\n\t\t\t<span class=\"elementor-divider-separator\">\n\t\t\t\t\t\t<\/span>\n\t\t<\/div>\n\t\t\t\t\t\t<\/div>\n\t\t\t\t<\/div>\n\t\t\t\t\t<\/div>\n\t\t<\/div>\n\t\t\t\t\t<\/div>\n\t\t<\/section>\n\t\t\t\t<\/div>","protected":false},"excerpt":{"rendered":"<p>L\u2019hospitalisation ou l\u2019entr\u00e9e en EHPAD&nbsp; peuvent \u00eatre v\u00e9cues comme une rupture dans le d\u00e9roulement de l\u2019existence, une \u00e9preuve, un temps qui peut s\u2019accompagner de fragilit\u00e9 et de souffrance, de questionnements, et m\u00eame d\u2019isolement. Le service d\u2019aum\u00f4nerie&nbsp; propose une pr\u00e9sence, un accompagnement moral et spirituel, dans le respect de la singularit\u00e9 de chacun. Exempte de tout [&hellip;]<\/p>\n","protected":false},"author":1,"featured_media":1419,"parent":0,"menu_order":0,"comment_status":"closed","ping_status":"closed","template":"","meta":{"footnotes":""},"class_list":["post-1626","page","type-page","status-publish","has-post-thumbnail","hentry"],"meta_box":{"imic_strict_no_header":"0","imic_page_topbar_show":"","imic_page_specific_header":"","imic_page_logo_image":[],"imic_page_retina_logo_image":[],"imic_page_retina_logo_image_width":"","imic_page_retina_logo_image_height":"","imic_page_layout":"","imic_content_width":"","imic_content_padding_top":"","imic_content_padding_bottom":"","imic_pages_body_bg_color":"","imic_pages_body_bg_image":[],"imic_pages_body_bg_wide":"0","imic_pages_body_bg_repeat":"repeat","imic_pages_content_bg_color":"","imic_pages_content_bg_image":[],"imic_pages_content_bg_wide":"0","imic_pages_content_bg_repeat":"repeat","imic_page_header_show":"1","imic_pages_Choose_slider_display":"0","imic_header_image":[],"imic_pages_select_revolution_from_list":"","imic_pages_select_smart_from_list":"1","imic_pages_slider_height":"","imic_pages_slider_image":[],"imic_pages_slider_auto_slide":"yes","imic_pages_slider_speed":"","imic_pages_slider_pagination":"yes","imic_pages_slider_direction_arrows":"yes","imic_pages_slider_effects":"fade","imic_pages_banner_color":"","imic_pages_breadcrumb_show":"1","imic_pages_title_show":"1","imic_pages_banner_bg_color":"","imic_post_page_custom_title":"","imic_pages_banner_text_color":"","imic_pages_title_alignment":"","imic_page_social_share":"0","imic_select_sidebar_from_list":"","imic_select_sidebar_position":"","imic_contact_email":"jeanmat.thallinger@gmail.com","imic_contact_subject":"","imic_our_location_text":"","imic_contact_map_display":"no","imic_contact_map_box_code":"","imic_Choose_slider_display":"0","imic_select_smart_from_list":"1","imic_select_revolution_from_list":"","imic_slider_image":[],"imic_slider_auto_slide":"yes","imic_slider_speed":"","imic_slider_pagination":"yes","imic_slider_direction_arrows":"yes","imic_slider_effects":"fade","imic_switch_categories_post":"1","imic_category_to_show_on_home":["71"],"imic_number_of_post_cat":[],"imic_upcoming_area":"1","imic_latest_sermon_events_to_show_on":"letest_event","imic_custom_text_message":"","imic_advanced_event_taxonomy":[],"imic_going_on_events":"1","imic_custom_going_on_events_title":"","imic_advanced_sermons_category":[],"imic_all_event_sermon_url":"","imic_imic_featured_blocks":"1","imic_home_featured_blocks":"","imic_home_row_featured_blocks":[],"imic_home_featured_blocks1":"","imic_home_featured_blocks2":"","imic_home_featured_blocks3":"","imic_imic_upcoming_events":"1","imic_upcoming_event_taxonomy":[],"imic_custom_upcoming_events_title":"","imic_events_to_show_on":"","imic_imic_recent_posts":"1","imic_recent_post_taxonomy":[],"imic_custom_latest_news_title":"","imic_posts_to_show_on":"","imic_recent_posts_rmbutton":"2","imic_recent_posts_rmbutton_text":"","imic_imic_galleries":"1","imic_home_gallery_taxonomy":[],"imic_custom_gallery_title":"","imic_custom_more_galleries_title":"","imic_custom_more_galleries_url":"","imic_galleries_to_show_on":"","imic_galleries_background_image":[],"imic_switch_sermon_album":"1","imic_custom_albums_title":"","imic_number_of_sermon_albums":"","imic_sermon_albums_url":"","imic_gallery_pagination_to_show_on":"","imic_gallery_pagination_columns_layout":"","imic_show_gallery_title":"0","imic_gallery_masonry_to_show_on":"","imic_show_gallery_title_masonry":"0","imic_gallery_filter_columns_layout":"3","imic_show_gallery_title_filter":"0","imic_advanced_gallery_taxonomy":[],"imic_advanced_event_list_taxonomy":[],"imic_advanced_post_taxonomy":[],"imic_advanced_blog_taxonomy":[],"imic_staff_to_show_on":"","imic_staff_grid_column":"4","imic_advanced_staff_taxonomy":[],"imic_staff_select_orderby":"ID","imic_staff_select_order":"ASC","imic_staff_excerpt_length":"","imic_events_timeline_view":"future","imic_event_timeline_per_page":"","imic_blog_masonry_thumbnails":"0","imic_albums_select_orderby":"count","imic_albums_select_order":"ASC","imic_sermon_categories_custom_order":[]},"_links":{"self":[{"href":"https:\/\/www.protestantsmulhouse.fr\/de\/wp-json\/wp\/v2\/pages\/1626","targetHints":{"allow":["GET"]}}],"collection":[{"href":"https:\/\/www.protestantsmulhouse.fr\/de\/wp-json\/wp\/v2\/pages"}],"about":[{"href":"https:\/\/www.protestantsmulhouse.fr\/de\/wp-json\/wp\/v2\/types\/page"}],"author":[{"embeddable":true,"href":"https:\/\/www.protestantsmulhouse.fr\/de\/wp-json\/wp\/v2\/users\/1"}],"replies":[{"embeddable":true,"href":"https:\/\/www.protestantsmulhouse.fr\/de\/wp-json\/wp\/v2\/comments?post=1626"}],"version-history":[{"count":0,"href":"https:\/\/www.protestantsmulhouse.fr\/de\/wp-json\/wp\/v2\/pages\/1626\/revisions"}],"wp:featuredmedia":[{"embeddable":true,"href":"https:\/\/www.protestantsmulhouse.fr\/de\/wp-json\/wp\/v2\/media\/1419"}],"wp:attachment":[{"href":"https:\/\/www.protestantsmulhouse.fr\/de\/wp-json\/wp\/v2\/media?parent=1626"}],"curies":[{"name":"wp","href":"https:\/\/api.w.org\/{rel}","templated":true}]}}