{"id":954,"date":"2014-02-28T06:54:46","date_gmt":"2014-02-28T06:54:46","guid":{"rendered":"http:\/\/192.232.247.118\/imithemes.com\/dev\/native-church\/?page_id=13"},"modified":"2025-09-15T09:17:27","modified_gmt":"2025-09-15T07:17:27","slug":"histoire","status":"publish","type":"page","link":"https:\/\/www.protestantsmulhouse.fr\/de\/histoire","title":{"rendered":"Histoire de la pr\u00e9sence protestante \u00e0 Mulhouse"},"content":{"rendered":"<div data-elementor-type=\"wp-page\" data-elementor-id=\"954\" class=\"elementor elementor-954\" data-elementor-post-type=\"page\">\n\t\t\t\t\t\t<section class=\"elementor-section elementor-top-section elementor-element elementor-element-432d216 elementor-section-boxed elementor-section-height-default elementor-section-height-default\" data-id=\"432d216\" data-element_type=\"section\" data-e-type=\"section\">\n\t\t\t\t\t\t<div class=\"elementor-container elementor-column-gap-default\">\n\t\t\t\t\t<div class=\"elementor-column elementor-col-100 elementor-top-column elementor-element elementor-element-fedaff8\" data-id=\"fedaff8\" data-element_type=\"column\" data-e-type=\"column\">\n\t\t\t<div class=\"elementor-widget-wrap elementor-element-populated\">\n\t\t\t\t\t\t<div class=\"elementor-element elementor-element-ea54211 elementor-widget elementor-widget-text-editor\" data-id=\"ea54211\" data-element_type=\"widget\" data-e-type=\"widget\" data-widget_type=\"text-editor.default\">\n\t\t\t\t<div class=\"elementor-widget-container\">\n\t\t\t\t\t\t\t\t\t<p class=\"MsoNormal\" style=\"margin: 0cm; font-size: 12pt; font-family: Calibri, sans-serif; color: #000000; font-style: normal; font-variant-ligatures: normal; font-variant-caps: normal; font-weight: 400;\">L\u2019histoire du protestantisme mulhousien est une histoire vivante et a suivi les \u00e9volutions sociales et politiques de la ville. Tour \u00e0 tour ville libre, ville fran\u00e7aise, ville allemande entre 1871 et 1918 et \u00e0 nouveau entre 1939 et 1945, puis \u00e0 nouveau ville fran\u00e7aise.<\/p><p class=\"MsoNormal\" style=\"margin: 0cm; font-size: 12pt; font-family: Calibri, sans-serif; color: #000000; font-style: normal; font-variant-ligatures: normal; font-variant-caps: normal; font-weight: 400;\">De la m\u00eame fa\u00e7on si \u00e0 partir de son passage \u00e0 la R\u00e9forme en 1523 la ville fut majoritairement protestante, avec la r\u00e9volution industrielle elle se peuplera de populations majoritairement catholiques tout en demeurant gouvern\u00e9e principalement par les protestants.<\/p><p class=\"MsoNormal\" style=\"margin: 0cm; font-size: 12pt; font-family: Calibri, sans-serif; color: #000000; font-style: normal; font-variant-ligatures: normal; font-variant-caps: normal; font-weight: 400;\">Au XX\u00e8me si\u00e8cle elle suivra les \u00e9volutions \u00e9conomiques et industrielles et s\u2019enrichira de populations plus diverses pour en faire l\u2019une des villes de France \u00e0 la fois les plus multiculturelles, les plus dynamiques, les plus jeunes mais aussi mais aussi les plus pauvres.<\/p><p class=\"MsoNormal\" style=\"margin: 0cm; font-size: 12pt; font-family: Calibri, sans-serif; color: #000000; font-style: normal; font-variant-ligatures: normal; font-variant-caps: normal; font-weight: 400;\">La pr\u00e9sence patrimoniale protestante \u00e9pousera naturellement ces \u00e9volutions.<\/p><p class=\"MsoNormal\" style=\"margin: 0cm; font-size: 12pt; font-family: Calibri, sans-serif; color: #000000; font-style: normal; font-variant-ligatures: normal; font-variant-caps: normal; font-weight: 400;\">Le premier temple de la ville fut son ancienne \u00e9glise Saint-Etienne, pass\u00e9e au culte protestant. Il sera reconstruit en 1866 dans des circonstances qui t\u00e9moignent bien des \u00e9volutions et de la question \u0153cum\u00e9nique dans la ville.<\/p><p class=\"MsoNormal\" style=\"margin: 0cm; font-size: 12pt; font-family: Calibri, sans-serif; color: #000000; font-style: normal; font-variant-ligatures: normal; font-variant-caps: normal; font-weight: 400;\">Lire dans la Revue d\u2019Alsace\u00a0<a href=\"https:\/\/journals.openedition.org\/alsace\/135#tocto1n2\" target=\"_blank\" rel=\"noopener\">l<\/a><a href=\"https:\/\/journals.openedition.org\/alsace\/135#tocto1n2\">\u2019histoire de la construction des deux Saint-Etienne, catalyseur des crispations interconfessionnelles (1830-1866)<\/a>.<br \/><br \/><\/p><p class=\"MsoNormal\" style=\"margin: 0cm; font-size: 12pt; font-family: Calibri, sans-serif; color: #000000; font-style: normal; font-variant-ligatures: normal; font-variant-caps: normal; font-weight: 400;\">Le plus ancien temple \u00e0 proximit\u00e9 de la ville est donc celui d\u2019Illzach qui passa \u00e0 la R\u00e9forme en m\u00eame temps que Mulhouse. Il date de 1698 et est l\u2019un des plus anciens encore en activit\u00e9 en France.<\/p><p class=\"MsoNormal\" style=\"margin: 0cm; font-size: 12pt; font-family: Calibri, sans-serif; color: #000000; font-style: normal; font-variant-ligatures: normal; font-variant-caps: normal; font-weight: 400;\">Viendront ensuite le temple Saint-Jean \u00e9rig\u00e9 entre 1831 et 1836 \u00e0 la destination initiale des protestants francophones de la ville.<\/p><p class=\"MsoNormal\" style=\"margin: 0cm; font-size: 12pt; font-family: Calibri, sans-serif; color: #000000; font-style: normal; font-variant-ligatures: normal; font-variant-caps: normal; font-weight: 400;\">Puis vint le temple Saint-Paul en 1895, en 1897 la commune de Dornach (ind\u00e9pendante jusqu\u2019en 1914) construit le sien en 1897, et enfin l\u2019\u00e9glise luth\u00e9rienne Saint-Martin en 1904 pour accueillir les fid\u00e8les de cette confessions souvent issus des communes du Bas-Rhin venus travailler \u00e0 Mulhouse.<\/p><p class=\"MsoNormal\" style=\"margin: 0cm; font-size: 12pt; font-family: Calibri, sans-serif; color: #000000; font-style: normal; font-variant-ligatures: normal; font-variant-caps: normal; font-weight: 400;\">Apr\u00e8s la seconde guerre mondiale une nouvelle vague industrielle commence \u00e0 d\u00e9velopper de nouveaux quartiers dans Mulhouse. Les paroisses Saint-Etienne, Saint-Jean et Saint-Paul cr\u00e9eront chacune une paroisse-fille et leur lieu de culte ce seront Saint-Pierre en 1959 (ferm\u00e9 en 2009), suivi par l\u2019Illberg (r\u00e9nov\u00e9 en 2016 devenu \u00ab Terre Nouvelle \u00bb) puis Wittenheim\/Jeune Bois en 1966 (ferm\u00e9 en 2017) et enfin Saint-Marc en 1968.<\/p><p class=\"MsoNormal\" style=\"margin: 0cm; font-size: 12pt; font-family: Calibri, sans-serif; color: #000000; font-style: normal; font-variant-ligatures: normal; font-variant-caps: normal; font-weight: 400;\"><br \/>En juin 2021 enfin, six des communaut\u00e9s protestantes (Centre-Ville\/Saint-Jean\/Saint-Etienne, Dornach, Illzach\/Jeune Bois, Saint-Marc, Saint-Martin et Terre Nouvelle) d\u00e9cident de se rassembler pour unir leurs activit\u00e9s et leurs communaut\u00e9s pour fonder la \u00ab communaut\u00e9 nouvelle, luth\u00e9rienne et r\u00e9form\u00e9e de la Dynamique Mulhousienne \u00bb.<\/p><p class=\"MsoNormal\" style=\"margin: 0cm; font-size: 12pt; font-family: Calibri, sans-serif; color: #000000; font-style: normal; font-variant-ligatures: normal; font-variant-caps: normal; font-weight: 400;\"><br \/>Pour aller plus loin dans l\u2019histoire du protestantisme mulhousien : <a href=\"https:\/\/museeprotestant.org\/notice\/mulhouse\/\" target=\"_blank\" rel=\"noopener\">Mulhouse, de la R\u00e9forme \u00e0 l\u2019Union avec la France.<\/a><\/p><p class=\"MsoNormal\" style=\"margin: 0cm; font-size: 12pt; font-family: Calibri, sans-serif; color: #000000; font-style: normal; font-variant-ligatures: normal; font-variant-caps: normal; font-weight: 400;\">\u00a0<\/p>\t\t\t\t\t\t\t\t<\/div>\n\t\t\t\t<\/div>\n\t\t\t\t\t<\/div>\n\t\t<\/div>\n\t\t\t\t\t<\/div>\n\t\t<\/section>\n\t\t\t\t<\/div>","protected":false},"excerpt":{"rendered":"<p>L\u2019histoire du protestantisme mulhousien est une histoire vivante et a suivi les \u00e9volutions sociales et politiques de la ville. Tour \u00e0 tour ville libre, ville fran\u00e7aise, ville allemande entre 1871 et 1918 et \u00e0 nouveau entre 1939 et 1945, puis \u00e0 nouveau ville fran\u00e7aise. De la m\u00eame fa\u00e7on si \u00e0 partir de son passage \u00e0 [&hellip;]<\/p>\n","protected":false},"author":1,"featured_media":916,"parent":0,"menu_order":0,"comment_status":"closed","ping_status":"open","template":"","meta":{"footnotes":""},"class_list":["post-954","page","type-page","status-publish","has-post-thumbnail","hentry"],"meta_box":{"imic_strict_no_header":"0","imic_page_topbar_show":"","imic_page_specific_header":"","imic_page_logo_image":[],"imic_page_retina_logo_image":[],"imic_page_retina_logo_image_width":"","imic_page_retina_logo_image_height":"","imic_page_layout":"full-width-page","imic_content_width":"","imic_content_padding_top":"","imic_content_padding_bottom":"","imic_pages_body_bg_color":"","imic_pages_body_bg_image":[],"imic_pages_body_bg_wide":"1","imic_pages_body_bg_repeat":"repeat","imic_pages_content_bg_color":"","imic_pages_content_bg_image":[],"imic_pages_content_bg_wide":"1","imic_pages_content_bg_repeat":"repeat","imic_page_header_show":"1","imic_pages_Choose_slider_display":"0","imic_header_image":[{"width":150,"height":150,"file":"2014\/02\/img_gallery23.jpg","filesize":63984,"sizes":{"woocommerce_thumbnail":{"file":"img_gallery23-300x200.jpg","width":300,"height":200,"mime-type":"image\/jpeg","filesize":8279,"uncropped":false,"url":"https:\/\/www.protestantsmulhouse.fr\/wp-content\/uploads\/2014\/02\/img_gallery23-300x200.jpg"},"woocommerce_gallery_thumbnail":{"file":"img_gallery23-100x100.jpg","width":100,"height":100,"mime-type":"image\/jpeg","filesize":2737,"url":"https:\/\/www.protestantsmulhouse.fr\/wp-content\/uploads\/2014\/02\/img_gallery23-100x100.jpg"},"woocommerce_single":{"file":"img_gallery23-600x100.jpg","width":600,"height":100,"mime-type":"image\/jpeg","filesize":9763,"url":"https:\/\/www.protestantsmulhouse.fr\/wp-content\/uploads\/2014\/02\/img_gallery23-600x100.jpg"},"medium":{"file":"img_gallery23-300x50.jpg","width":300,"height":50,"mime-type":"image\/jpeg","filesize":3788,"url":"https:\/\/www.protestantsmulhouse.fr\/wp-content\/uploads\/2014\/02\/img_gallery23-300x50.jpg"},"large":{"file":"img_gallery23-1024x171.jpg","width":1024,"height":171,"mime-type":"image\/jpeg","filesize":21261,"url":"https:\/\/www.protestantsmulhouse.fr\/wp-content\/uploads\/2014\/02\/img_gallery23-1024x171.jpg"},"thumbnail":{"file":"img_gallery23-150x150.jpg","width":150,"height":150,"mime-type":"image\/jpeg","filesize":4137,"url":"https:\/\/www.protestantsmulhouse.fr\/wp-content\/uploads\/2014\/02\/img_gallery23-150x150.jpg"},"medium_large":{"file":"img_gallery23-768x128.jpg","width":768,"height":128,"mime-type":"image\/jpeg","filesize":13196,"url":"https:\/\/www.protestantsmulhouse.fr\/wp-content\/uploads\/2014\/02\/img_gallery23-768x128.jpg"},"eventer-thumb-170x170":{"file":"img_gallery23-170x170.jpg","width":170,"height":170,"mime-type":"image\/jpeg","filesize":4975,"url":"https:\/\/www.protestantsmulhouse.fr\/wp-content\/uploads\/2014\/02\/img_gallery23-170x170.jpg"},"eventer-thumb-600x400":{"file":"img_gallery23-600x200.jpg","width":600,"height":200,"mime-type":"image\/jpeg","filesize":15291,"url":"https:\/\/www.protestantsmulhouse.fr\/wp-content\/uploads\/2014\/02\/img_gallery23-600x200.jpg"},"eventer-thumb-400x400":{"file":"img_gallery23-400x200.jpg","width":400,"height":200,"mime-type":"image\/jpeg","filesize":10665,"url":"https:\/\/www.protestantsmulhouse.fr\/wp-content\/uploads\/2014\/02\/img_gallery23-400x200.jpg"},"600x400":{"file":"img_gallery23-600x200.jpg","width":600,"height":200,"mime-type":"image\/jpeg","filesize":15291,"url":"https:\/\/www.protestantsmulhouse.fr\/wp-content\/uploads\/2014\/02\/img_gallery23-600x200.jpg"},"1000x800":{"file":"img_gallery23-1000x200.jpg","width":1000,"height":200,"mime-type":"image\/jpeg","filesize":24624,"url":"https:\/\/www.protestantsmulhouse.fr\/wp-content\/uploads\/2014\/02\/img_gallery23-1000x200.jpg"},"post-thumbnail":{"file":"img_gallery23-958x160.jpg","width":958,"height":160,"mime-type":"image\/jpeg","filesize":18528,"url":"https:\/\/www.protestantsmulhouse.fr\/wp-content\/uploads\/2014\/02\/img_gallery23-958x160.jpg"},"isermons-200-200":{"file":"img_gallery23-200x200.jpg","width":200,"height":200,"mime-type":"image\/jpeg","filesize":6293,"url":"https:\/\/www.protestantsmulhouse.fr\/wp-content\/uploads\/2014\/02\/img_gallery23-200x200.jpg"},"isermons-400-400":{"file":"img_gallery23-400x200.jpg","width":400,"height":200,"mime-type":"image\/jpeg","filesize":10665,"url":"https:\/\/www.protestantsmulhouse.fr\/wp-content\/uploads\/2014\/02\/img_gallery23-400x200.jpg"},"isermons-800-800":{"file":"img_gallery23-800x200.jpg","width":800,"height":200,"mime-type":"image\/jpeg","filesize":20252,"url":"https:\/\/www.protestantsmulhouse.fr\/wp-content\/uploads\/2014\/02\/img_gallery23-800x200.jpg"},"isermons-600-400":{"file":"img_gallery23-600x200.jpg","width":600,"height":200,"mime-type":"image\/jpeg","filesize":15291,"url":"https:\/\/www.protestantsmulhouse.fr\/wp-content\/uploads\/2014\/02\/img_gallery23-600x200.jpg"},"isermons-800-600":{"file":"img_gallery23-600x200.jpg","width":600,"height":200,"mime-type":"image\/jpeg","filesize":15291,"url":"https:\/\/www.protestantsmulhouse.fr\/wp-content\/uploads\/2014\/02\/img_gallery23-600x200.jpg"},"shop_catalog":{"file":"img_gallery23-300x200.jpg","width":300,"height":200,"mime-type":"image\/jpeg","filesize":8279,"url":"https:\/\/www.protestantsmulhouse.fr\/wp-content\/uploads\/2014\/02\/img_gallery23-300x200.jpg"},"shop_single":{"file":"img_gallery23-600x100.jpg","width":600,"height":100,"mime-type":"image\/jpeg","filesize":9763,"url":"https:\/\/www.protestantsmulhouse.fr\/wp-content\/uploads\/2014\/02\/img_gallery23-600x100.jpg"},"shop_thumbnail":{"file":"img_gallery23-100x100.jpg","width":100,"height":100,"mime-type":"image\/jpeg","filesize":2737,"url":"https:\/\/www.protestantsmulhouse.fr\/wp-content\/uploads\/2014\/02\/img_gallery23-100x100.jpg"},"sow-carousel-default":{"file":"img_gallery23-272x182.jpg","width":272,"height":182,"mime-type":"image\/jpeg","filesize":6830,"url":"https:\/\/www.protestantsmulhouse.fr\/wp-content\/uploads\/2014\/02\/img_gallery23-272x182.jpg"}},"image_meta":{"aperture":"0","credit":"","camera":"","caption":"","created_timestamp":"0","copyright":"","focal_length":"0","iso":"0","shutter_speed":"0","title":"","orientation":"0","keywords":[]},"ID":"945","name":"img_gallery23.jpg","path":"\/home3\/virtuadr\/protestantsmulhouse.fr\/wp-content\/uploads\/2014\/02\/img_gallery23.jpg","url":"https:\/\/www.protestantsmulhouse.fr\/wp-content\/uploads\/2014\/02\/img_gallery23-150x150.jpg","full_url":"https:\/\/www.protestantsmulhouse.fr\/wp-content\/uploads\/2014\/02\/img_gallery23.jpg","title":"img_gallery23","caption":"","description":"","alt":"","srcset":"https:\/\/www.protestantsmulhouse.fr\/wp-content\/uploads\/2014\/02\/img_gallery23-150x150.jpg 150w, https:\/\/www.protestantsmulhouse.fr\/wp-content\/uploads\/2014\/02\/img_gallery23-100x100.jpg 100w, https:\/\/www.protestantsmulhouse.fr\/wp-content\/uploads\/2014\/02\/img_gallery23-170x170.jpg 170w, https:\/\/www.protestantsmulhouse.fr\/wp-content\/uploads\/2014\/02\/img_gallery23-200x200.jpg 200w"}],"imic_pages_select_revolution_from_list":"","imic_pages_select_smart_from_list":"1","imic_pages_slider_height":"","imic_pages_slider_image":[],"imic_pages_slider_auto_slide":"yes","imic_pages_slider_speed":"","imic_pages_slider_pagination":"yes","imic_pages_slider_direction_arrows":"yes","imic_pages_slider_effects":"fade","imic_pages_banner_color":"","imic_pages_breadcrumb_show":"1","imic_pages_title_show":"1","imic_pages_banner_bg_color":"","imic_post_page_custom_title":"","imic_pages_banner_text_color":"","imic_pages_title_alignment":"","imic_page_social_share":"0","imic_select_sidebar_from_list":"","imic_select_sidebar_position":"","imic_contact_email":"info@imithemes.com","imic_contact_subject":"","imic_our_location_text":"","imic_contact_map_display":"no","imic_contact_map_box_code":"","imic_Choose_slider_display":"0","imic_select_smart_from_list":"1","imic_select_revolution_from_list":"","imic_slider_image":[],"imic_slider_auto_slide":"yes","imic_slider_speed":"","imic_slider_pagination":"yes","imic_slider_direction_arrows":"yes","imic_slider_effects":"fade","imic_switch_categories_post":"1","imic_category_to_show_on_home":["71"],"imic_number_of_post_cat":[],"imic_upcoming_area":"1","imic_latest_sermon_events_to_show_on":"letest_event","imic_custom_text_message":"","imic_advanced_event_taxonomy":[],"imic_going_on_events":"1","imic_custom_going_on_events_title":"","imic_advanced_sermons_category":[],"imic_all_event_sermon_url":"","imic_imic_featured_blocks":"1","imic_home_featured_blocks":"","imic_home_row_featured_blocks":[],"imic_home_featured_blocks1":"","imic_home_featured_blocks2":"","imic_home_featured_blocks3":"","imic_imic_upcoming_events":"1","imic_upcoming_event_taxonomy":[],"imic_custom_upcoming_events_title":"","imic_events_to_show_on":"","imic_imic_recent_posts":"1","imic_recent_post_taxonomy":[],"imic_custom_latest_news_title":"","imic_posts_to_show_on":"","imic_recent_posts_rmbutton":"1","imic_recent_posts_rmbutton_text":"","imic_imic_galleries":"1","imic_home_gallery_taxonomy":[],"imic_custom_gallery_title":"","imic_custom_more_galleries_title":"","imic_custom_more_galleries_url":"","imic_galleries_to_show_on":"","imic_galleries_background_image":[],"imic_switch_sermon_album":"1","imic_custom_albums_title":"","imic_number_of_sermon_albums":"","imic_sermon_albums_url":"","imic_gallery_pagination_to_show_on":"","imic_gallery_pagination_columns_layout":"","imic_show_gallery_title":"0","imic_gallery_masonry_to_show_on":"","imic_show_gallery_title_masonry":"0","imic_gallery_filter_columns_layout":"3","imic_show_gallery_title_filter":"0","imic_advanced_gallery_taxonomy":[],"imic_advanced_event_list_taxonomy":[],"imic_advanced_post_taxonomy":[],"imic_advanced_blog_taxonomy":[],"imic_staff_to_show_on":"","imic_staff_grid_column":"4","imic_advanced_staff_taxonomy":[],"imic_staff_select_orderby":"ID","imic_staff_select_order":"ASC","imic_staff_excerpt_length":"","imic_events_timeline_view":"future","imic_event_timeline_per_page":"","imic_blog_masonry_thumbnails":"0","imic_albums_select_orderby":"count","imic_albums_select_order":"ASC","imic_sermon_categories_custom_order":[]},"_links":{"self":[{"href":"https:\/\/www.protestantsmulhouse.fr\/de\/wp-json\/wp\/v2\/pages\/954","targetHints":{"allow":["GET"]}}],"collection":[{"href":"https:\/\/www.protestantsmulhouse.fr\/de\/wp-json\/wp\/v2\/pages"}],"about":[{"href":"https:\/\/www.protestantsmulhouse.fr\/de\/wp-json\/wp\/v2\/types\/page"}],"author":[{"embeddable":true,"href":"https:\/\/www.protestantsmulhouse.fr\/de\/wp-json\/wp\/v2\/users\/1"}],"replies":[{"embeddable":true,"href":"https:\/\/www.protestantsmulhouse.fr\/de\/wp-json\/wp\/v2\/comments?post=954"}],"version-history":[{"count":1,"href":"https:\/\/www.protestantsmulhouse.fr\/de\/wp-json\/wp\/v2\/pages\/954\/revisions"}],"predecessor-version":[{"id":5316,"href":"https:\/\/www.protestantsmulhouse.fr\/de\/wp-json\/wp\/v2\/pages\/954\/revisions\/5316"}],"wp:featuredmedia":[{"embeddable":true,"href":"https:\/\/www.protestantsmulhouse.fr\/de\/wp-json\/wp\/v2\/media\/916"}],"wp:attachment":[{"href":"https:\/\/www.protestantsmulhouse.fr\/de\/wp-json\/wp\/v2\/media?parent=954"}],"curies":[{"name":"wp","href":"https:\/\/api.w.org\/{rel}","templated":true}]}}